{"id":1480,"date":"2024-05-07T16:48:11","date_gmt":"2024-05-07T14:48:11","guid":{"rendered":"https:\/\/ingreenspain.es\/oenogastronomie\/"},"modified":"2025-01-22T18:04:51","modified_gmt":"2025-01-22T16:04:51","slug":"oenogastronomie","status":"publish","type":"page","link":"https:\/\/ingreenspain.es\/de\/oenogastronomie\/","title":{"rendered":"\u00d6NOGASTRONOMIE"},"content":{"rendered":"<section class=\"l-section wpb_row us_custom_f0933846 height_large\"><div class=\"l-section-h i-cf\"><div class=\"g-cols vc_row via_flex valign_top type_default stacking_default\"><div class=\"vc_col-sm-3\/5 wpb_column vc_column_container\"><div class=\"vc_column-inner us_custom_56761b8e\"><div class=\"vc_column-overlay\" style=\"background:rgba(47,53,59,0.9)\"><\/div><div class=\"wpb_wrapper\"><h1 class=\"w-text us_custom_f7f66005 palo-titular has_text_color us_animate_this\"><span class=\"w-text-h\"><span class=\"w-text-value\">LEIDENSCHAFT F\u00dcR QUALIT\u00c4T<\/span><\/span><\/h1><div class=\"w-separator size_small\"><\/div><div class=\"wpb_text_column us_custom_17fe550a negrita-verde has_text_color us_animate_this\"><div class=\"wpb_wrapper\"><p>Wussten Sie, dass die Regionen des Gr\u00fcnen Spaniens \u00fcberall im Land f\u00fcr den hervorragenden Ruf ihrer Gastronomie und den guten Appetit ihrer Bewohner bekannt sind und dass ihre K\u00fcche, egal ob es sich um die Zubereitung von Meeresfr\u00fcchten oder Inlandsk\u00fcche handelt, eine besondere Hingabe f\u00fcr die besten Zutaten hat ?<\/p>\n<p>Im Gr\u00fcnen Spanien ist die Gastronomie ein kultureller und gesellschaftlicher Faktor, der sich nicht nur auf die Restaurants beschr\u00e4nkt: Die traditionellen M\u00e4rkte erfreuen sich nach wie vor bester Beliebtheit, und es gibt zahlreiche Feste und Veranstaltungen wie die \u201eChigres\u201c oder gastronomischen Gesellschaften, bei denen sich alles um gutes Essen oder ein gutes Getr\u00e4nk dreht.<\/p>\n<p>Das Baskenland, Kantabrien, Asturien und Galicien sind, jede Region auf ihre Art, Synonyme f\u00fcr qualitativ hochwertige Gastronomie, wobei der gro\u00dfe Respekt vor der Tradition den Einzug der Tendenzen der Avantgarde nicht verhindert hat.<\/p>\n<\/div><\/div><div class=\"w-separator hide_on_mobiles size_medium\"><\/div><\/div><\/div><\/div><div class=\"vc_col-sm-2\/5 wpb_column vc_column_container\"><div class=\"vc_column-inner\"><div class=\"wpb_wrapper\"><\/div><\/div><\/div><\/div><\/div><\/section><section class=\"l-section wpb_row height_medium\"><div class=\"l-section-h i-cf\"><div class=\"g-cols vc_row via_flex valign_top type_default stacking_default\"><div class=\"vc_col-sm-12 wpb_column vc_column_container\"><div class=\"vc_column-inner\"><div class=\"wpb_wrapper\"><div class=\"w-gallery fit_cover type_grid action_popup_image ratio_16x9 count_4\" style=\"--columns:4;--items-gap:10px;\"><div class=\"w-gallery-list\"><div class=\"w-gallery-item\"><div class=\"w-gallery-item-img\"><img loading=\"lazy\" decoding=\"async\" width=\"1600\" height=\"1066\" src=\"https:\/\/ingreenspain.es\/wp-content\/uploads\/2024\/05\/Zamburinas-Galicia.jpg\" class=\"attachment-full size-full\" alt=\"\" srcset=\"https:\/\/ingreenspain.es\/wp-content\/uploads\/2024\/05\/Zamburinas-Galicia.jpg 1600w, https:\/\/ingreenspain.es\/wp-content\/uploads\/2024\/05\/Zamburinas-Galicia-300x200.jpg 300w, https:\/\/ingreenspain.es\/wp-content\/uploads\/2024\/05\/Zamburinas-Galicia-1024x682.jpg 1024w\" sizes=\"auto, (max-width: 1600px) 100vw, 1600px\" \/><\/div><a class=\"w-gallery-item-link\" aria-label=\"Mux\u00eda, Virxe da Barca\" href=\"https:\/\/ingreenspain.es\/wp-content\/uploads\/2024\/05\/Zamburinas-Galicia.jpg\"><\/a><\/div><div class=\"w-gallery-item\"><div class=\"w-gallery-item-img\"><img loading=\"lazy\" decoding=\"async\" width=\"1280\" height=\"850\" src=\"https:\/\/ingreenspain.es\/wp-content\/uploads\/2024\/05\/cabrales-gamoneu-peral.jpg\" class=\"attachment-full size-full\" alt=\"\" srcset=\"https:\/\/ingreenspain.es\/wp-content\/uploads\/2024\/05\/cabrales-gamoneu-peral.jpg 1280w, https:\/\/ingreenspain.es\/wp-content\/uploads\/2024\/05\/cabrales-gamoneu-peral-300x199.jpg 300w, https:\/\/ingreenspain.es\/wp-content\/uploads\/2024\/05\/cabrales-gamoneu-peral-1024x680.jpg 1024w\" sizes=\"auto, (max-width: 1280px) 100vw, 1280px\" \/><\/div><a class=\"w-gallery-item-link\" aria-label=\"cabrales-gamoneu-peral\" href=\"https:\/\/ingreenspain.es\/wp-content\/uploads\/2024\/05\/cabrales-gamoneu-peral.jpg\"><\/a><\/div><div class=\"w-gallery-item\"><div class=\"w-gallery-item-img\"><img loading=\"lazy\" decoding=\"async\" width=\"1600\" height=\"1066\" src=\"https:\/\/ingreenspain.es\/wp-content\/uploads\/2024\/05\/Rabas-Cantabria.jpg\" class=\"attachment-full size-full\" alt=\"\" srcset=\"https:\/\/ingreenspain.es\/wp-content\/uploads\/2024\/05\/Rabas-Cantabria.jpg 1600w, https:\/\/ingreenspain.es\/wp-content\/uploads\/2024\/05\/Rabas-Cantabria-300x200.jpg 300w, https:\/\/ingreenspain.es\/wp-content\/uploads\/2024\/05\/Rabas-Cantabria-1024x682.jpg 1024w\" sizes=\"auto, (max-width: 1600px) 100vw, 1600px\" \/><\/div><a class=\"w-gallery-item-link\" aria-label=\"Mux\u00eda, Virxe da Barca\" href=\"https:\/\/ingreenspain.es\/wp-content\/uploads\/2024\/05\/Rabas-Cantabria.jpg\"><\/a><\/div><div class=\"w-gallery-item\"><div class=\"w-gallery-item-img\"><img loading=\"lazy\" decoding=\"async\" width=\"1600\" height=\"1066\" src=\"https:\/\/ingreenspain.es\/wp-content\/uploads\/2024\/05\/Pescado-Euskadi.jpg\" class=\"attachment-full size-full\" alt=\"\" srcset=\"https:\/\/ingreenspain.es\/wp-content\/uploads\/2024\/05\/Pescado-Euskadi.jpg 1600w, https:\/\/ingreenspain.es\/wp-content\/uploads\/2024\/05\/Pescado-Euskadi-300x200.jpg 300w, https:\/\/ingreenspain.es\/wp-content\/uploads\/2024\/05\/Pescado-Euskadi-1024x682.jpg 1024w\" sizes=\"auto, (max-width: 1600px) 100vw, 1600px\" \/><\/div><a class=\"w-gallery-item-link\" aria-label=\"Mux\u00eda, Virxe da Barca\" href=\"https:\/\/ingreenspain.es\/wp-content\/uploads\/2024\/05\/Pescado-Euskadi.jpg\"><\/a><\/div><\/div><\/div><\/div><\/div><\/div><\/div><\/div><\/section><section class=\"l-section wpb_row us_custom_1b4c7c46 pegado-arriba height_medium\" id=\"Asturias\"><div class=\"l-section-h i-cf\"><div class=\"g-cols vc_row via_flex valign_top type_default stacking_default\"><div class=\"vc_col-sm-7 wpb_column vc_column_container\"><div class=\"vc_column-inner\"><div class=\"wpb_wrapper\"><\/div><\/div><\/div><div class=\"vc_col-sm-5 wpb_column vc_column_container\"><div class=\"vc_column-inner us_custom_56761b8e\"><div class=\"vc_column-overlay\" style=\"background:rgba(47,53,59,0.9)\"><\/div><div class=\"wpb_wrapper\"><div class=\"w-separator size_large\"><\/div><h2 class=\"w-text us_custom_f7f66005 palo-titular-arriba has_text_color us_animate_this\"><span class=\"w-text-h\"><span class=\"w-text-value\">F\u00dcR JEDEN GESCHMACK<\/span><\/span><\/h2><div class=\"w-separator size_small\"><\/div><div class=\"wpb_text_column us_custom_679696aa negrita-verde has_text_color us_animate_this\"><div class=\"wpb_wrapper\"><p>Die K\u00fcche des Gr\u00fcnen Spaniens verf\u00fcgt \u00fcber drei wahrhaft exquisite Speisekammern: Berge, Felder und das Meer. F\u00dcR JEDEN Daraus hat sich eine gastronomische Kultur entwickelt, die unter anderem dazu gef\u00fchrt hat, dass es hier bis zu f\u00fcnfzig Restaurants mit Michelin-Sternen gibt.<\/p>\n<p>Eine kulinarische Reise durch das Gr\u00fcne Spanien k\u00f6nnte mit ein paar \u201ePintxo-H\u00e4ppchen\u201c in den ber\u00fchmten Bars des Baskenlandes beginnen; sie k\u00f6nnte mit den Meeresfr\u00fcchten, Schalentieren und Tintenfischgerichten fortgesetzt werden, f\u00fcr die Galicien ber\u00fchmt ist, oder auch mit einer ausgezeichneten asturianischen \u201eFabada\u201c. Und zum Nachtisch? Einen K\u00e4se, eine \u201eQuesada\u201c (einen typisch kantabrischen K\u00e4sekuchen) oder einen \u201eSobao Pasiego\u201c(ein leckeres \u00d6lteiggeb\u00e4ck). Und zum Trinken? Jeder des halben Dutzends Weine mit der Herkunftsbezeichnung der jeweiligen Regionen ist ein perfekter Begleiter. Guten Appetit!<\/p>\n<\/div><\/div><div class=\"w-separator size_large\"><\/div><\/div><\/div><\/div><\/div><\/div><\/section><section class=\"l-section wpb_row height_medium\"><div class=\"l-section-h i-cf\"><div class=\"g-cols vc_row via_flex valign_top type_default stacking_default\"><div class=\"vc_col-sm-12 wpb_column vc_column_container\"><div class=\"vc_column-inner\"><div class=\"wpb_wrapper\"><h2 class=\"w-text us_custom_eb849559 palo-titular\"><span class=\"w-text-h\"><span class=\"w-text-value\">\u00d6NOGASTRONOMIE in unserem Magazin<\/span><\/span><\/h2><div class=\"w-separator size_small\"><\/div><div class=\"w-grid us_carousel carrusel-posts-experiencias type_carousel layout_2411 overflow_hidden preload_style_spinner items_3\" id=\"us_grid_1\" style=\"--items:3;--gap:1.5rem;\"><style>.layout_2411 .w-grid-item-h{background:#333;border-radius:0rem;box-shadow:0 0rem 0rem rgba(0,0,0,0.1),0 0rem 0rem rgba(0,0,0,0.1);transition-duration:0.3s}.no-touch .layout_2411 .w-grid-item-h:hover{box-shadow:0 0.12rem 0.24rem rgba(0,0,0,0.1),0 0.4rem 1.2rem rgba(0,0,0,0.15);z-index:4}.layout_2411 .usg_post_image_1{transition-duration:0.3s;transform-origin:50% 50%;transform:scale(1) translate(0%,0%)}.layout_2411 .w-grid-item-h:focus-within .usg_post_image_1,.layout_2411 .w-grid-item-h:hover .usg_post_image_1{transform:scale(1.1) translate(0%,0%);opacity:1}.layout_2411 .usg_vwrapper_1{position:absolute!important;right:0!important;bottom:0!important;left:0!important;background:linear-gradient(transparent,rgba(30,30,30,0.8))!important;padding:15% 7% 7% 7%!important}.layout_2411 .usg_post_title_1{color:#fff!important;font-size:1.2rem!important;font-weight:700!important}@media (max-width:600px){.layout_2411 .usg_post_title_1{font-size:1.2rem!important}}<\/style><div class=\"w-grid-list owl-carousel valign_stretch dotstyle_circle navstyle_circle arrows-ver-pos_middle arrows-hor-pos_on_sides_outside arrows-disabled_hide owl-responsive-2000 with_dots with_arrows\" style=\"--transition-duration:350ms;--arrows-size:1.5rem;--arrows-hor-offset:calc(0px + 1.5rem);--arrows-gap:10px;\">\t<article class=\"w-grid-item post-6612 post type-post status-publish format-standard has-post-thumbnail hentry category-asturien category-baskenland category-cantabrien category-galicien category-onogastronomie\" data-id=\"6612\">\r\n\t\t<div class=\"w-grid-item-h\">\r\n\t\t\t\t\t\t<div class=\"w-post-elm post_image usg_post_image_1 stretched\"><a href=\"https:\/\/ingreenspain.es\/de\/eine-auswahl-an-nordischen-und-weihnachtlichen-kuchen-die-ihren-gaumen-und-ihr-instagram-profil-erfreuen-werden\/\" aria-label=\"Eine Auswahl an nordischen und weihnachtlichen Kuchen, die Ihren Gaumen (und Ihr Instagram-Profil) erfreuen werden.\"><img loading=\"lazy\" decoding=\"async\" width=\"1024\" height=\"683\" src=\"https:\/\/ingreenspain.es\/wp-content\/uploads\/2025\/12\/portada-tartas-1024x683.jpg\" class=\"attachment-large size-large wp-post-image\" alt=\"\" srcset=\"https:\/\/ingreenspain.es\/wp-content\/uploads\/2025\/12\/portada-tartas-1024x683.jpg 1024w, https:\/\/ingreenspain.es\/wp-content\/uploads\/2025\/12\/portada-tartas-300x200.jpg 300w, https:\/\/ingreenspain.es\/wp-content\/uploads\/2025\/12\/portada-tartas.jpg 1440w\" sizes=\"auto, (max-width: 1024px) 100vw, 1024px\" \/><\/a><\/div><div class=\"w-vwrapper usg_vwrapper_1 align_none valign_top\" style=\"--vwrapper-gap:0.7rem\"><h2 class=\"w-post-elm post_title usg_post_title_1 has_text_color entry-title color_link_inherit\"><a href=\"https:\/\/ingreenspain.es\/de\/eine-auswahl-an-nordischen-und-weihnachtlichen-kuchen-die-ihren-gaumen-und-ihr-instagram-profil-erfreuen-werden\/\">Eine Auswahl an nordischen und weihnachtlichen Kuchen, die Ihren Gaumen (und Ihr Instagram-Profil) erfreuen werden.<\/a><\/h2><\/div>\t\t<\/div>\r\n\t\t\t<\/article>\r\n\t<article class=\"w-grid-item post-6042 post type-post status-publish format-standard has-post-thumbnail hentry category-asturien category-baskenland category-cantabrien category-galicien category-onogastronomie\" data-id=\"6042\">\r\n\t\t<div class=\"w-grid-item-h\">\r\n\t\t\t\t\t\t<div class=\"w-post-elm post_image usg_post_image_1 stretched\"><a href=\"https:\/\/ingreenspain.es\/de\/essen-trinken-wein-und-apfelwein-und-lieben-im-gruenen-spanien\/\" aria-label=\"Essen, trinken (Wein und Apfelwein) und lieben im Gr\u00fcnen Spanien\"><img loading=\"lazy\" decoding=\"async\" width=\"1024\" height=\"628\" src=\"https:\/\/ingreenspain.es\/wp-content\/uploads\/2025\/09\/portada-vendimia-1024x628.jpg\" class=\"attachment-large size-large wp-post-image\" alt=\"\" srcset=\"https:\/\/ingreenspain.es\/wp-content\/uploads\/2025\/09\/portada-vendimia-1024x628.jpg 1024w, https:\/\/ingreenspain.es\/wp-content\/uploads\/2025\/09\/portada-vendimia-300x184.jpg 300w, https:\/\/ingreenspain.es\/wp-content\/uploads\/2025\/09\/portada-vendimia.jpg 1772w\" sizes=\"auto, (max-width: 1024px) 100vw, 1024px\" \/><\/a><\/div><div class=\"w-vwrapper usg_vwrapper_1 align_none valign_top\" style=\"--vwrapper-gap:0.7rem\"><h2 class=\"w-post-elm post_title usg_post_title_1 has_text_color entry-title color_link_inherit\"><a href=\"https:\/\/ingreenspain.es\/de\/essen-trinken-wein-und-apfelwein-und-lieben-im-gruenen-spanien\/\">Essen, trinken (Wein und Apfelwein) und lieben im Gr\u00fcnen Spanien<\/a><\/h2><\/div>\t\t<\/div>\r\n\t\t\t<\/article>\r\n\t<article class=\"w-grid-item post-5962 post type-post status-publish format-standard has-post-thumbnail hentry category-asturien category-baskenland category-cantabrien category-galicien category-onogastronomie\" data-id=\"5962\">\r\n\t\t<div class=\"w-grid-item-h\">\r\n\t\t\t\t\t\t<div class=\"w-post-elm post_image usg_post_image_1 stretched\"><a href=\"https:\/\/ingreenspain.es\/de\/mal-ganz-im-ernst-wie-man-im-sommer-im-gruenen-spanien-richtig-gut-feiern-kann\/\" aria-label=\"Mal ganz im Ernst: Wie man im Sommer im Gr\u00fcnen Spanien (richtig gut) feiern kann\"><img loading=\"lazy\" decoding=\"async\" width=\"1024\" height=\"683\" src=\"https:\/\/ingreenspain.es\/wp-content\/uploads\/2025\/08\/fiesta-pulpo-1024x683.jpg\" class=\"attachment-large size-large wp-post-image\" alt=\"\" srcset=\"https:\/\/ingreenspain.es\/wp-content\/uploads\/2025\/08\/fiesta-pulpo-1024x683.jpg 1024w, https:\/\/ingreenspain.es\/wp-content\/uploads\/2025\/08\/fiesta-pulpo-300x200.jpg 300w, https:\/\/ingreenspain.es\/wp-content\/uploads\/2025\/08\/fiesta-pulpo.jpg 1440w\" sizes=\"auto, (max-width: 1024px) 100vw, 1024px\" \/><\/a><\/div><div class=\"w-vwrapper usg_vwrapper_1 align_none valign_top\" style=\"--vwrapper-gap:0.7rem\"><h2 class=\"w-post-elm post_title usg_post_title_1 has_text_color entry-title color_link_inherit\"><a href=\"https:\/\/ingreenspain.es\/de\/mal-ganz-im-ernst-wie-man-im-sommer-im-gruenen-spanien-richtig-gut-feiern-kann\/\">Mal ganz im Ernst: Wie man im Sommer im Gr\u00fcnen Spanien (richtig gut) feiern kann<\/a><\/h2><\/div>\t\t<\/div>\r\n\t\t\t<\/article>\r\n\t<article class=\"w-grid-item post-3584 post type-post status-publish format-standard has-post-thumbnail hentry category-asturien category-baskenland category-cantabrien category-galicien category-onogastronomie\" data-id=\"3584\">\r\n\t\t<div class=\"w-grid-item-h\">\r\n\t\t\t\t\t\t<div class=\"w-post-elm post_image usg_post_image_1 stretched\"><a href=\"https:\/\/ingreenspain.es\/de\/was-isst-man-hier-vier-typische-sommergerichte-im-gruenen-spanien\/\" aria-label=\"Was isst man hier? Vier typische Sommergerichte im Gr\u00fcnen Spanien\"><img loading=\"lazy\" decoding=\"async\" width=\"1024\" height=\"683\" src=\"https:\/\/ingreenspain.es\/wp-content\/uploads\/2025\/06\/magazine-gastronomia-portada-1024x683.jpg\" class=\"attachment-large size-large wp-post-image\" alt=\"\" srcset=\"https:\/\/ingreenspain.es\/wp-content\/uploads\/2025\/06\/magazine-gastronomia-portada-1024x683.jpg 1024w, https:\/\/ingreenspain.es\/wp-content\/uploads\/2025\/06\/magazine-gastronomia-portada-300x200.jpg 300w, https:\/\/ingreenspain.es\/wp-content\/uploads\/2025\/06\/magazine-gastronomia-portada.jpg 1440w\" sizes=\"auto, (max-width: 1024px) 100vw, 1024px\" \/><\/a><\/div><div class=\"w-vwrapper usg_vwrapper_1 align_none valign_top\" style=\"--vwrapper-gap:0.7rem\"><h2 class=\"w-post-elm post_title usg_post_title_1 has_text_color entry-title color_link_inherit\"><a href=\"https:\/\/ingreenspain.es\/de\/was-isst-man-hier-vier-typische-sommergerichte-im-gruenen-spanien\/\">Was isst man hier? Vier typische Sommergerichte im Gr\u00fcnen Spanien<\/a><\/h2><\/div>\t\t<\/div>\r\n\t\t\t<\/article>\r\n\t<article class=\"w-grid-item post-3148 post type-post status-publish format-standard has-post-thumbnail hentry category-asturien category-baskenland category-cantabrien category-galicien category-onogastronomie\" data-id=\"3148\">\r\n\t\t<div class=\"w-grid-item-h\">\r\n\t\t\t\t\t\t<div class=\"w-post-elm post_image usg_post_image_1 stretched\"><a href=\"https:\/\/ingreenspain.es\/de\/auf-der-suche-nach-authentizitaet-essen-und-trinken-um-sich-im-gruenen-spanien-wie-ein-einheimischer-zu-fuehlen\/\" aria-label=\"Auf der Suche nach Authentizit\u00e4t: Essen (und Trinken), um sich im Gr\u00fcnen Spanien wie ein Einheimischer zu f\u00fchlen\"><img loading=\"lazy\" decoding=\"async\" width=\"1024\" height=\"683\" src=\"https:\/\/ingreenspain.es\/wp-content\/uploads\/2025\/03\/Portada-Gastronomia-Magazine-1024x683.png\" class=\"attachment-large size-large wp-post-image\" alt=\"\" srcset=\"https:\/\/ingreenspain.es\/wp-content\/uploads\/2025\/03\/Portada-Gastronomia-Magazine-1024x683.png 1024w, https:\/\/ingreenspain.es\/wp-content\/uploads\/2025\/03\/Portada-Gastronomia-Magazine-300x200.png 300w, https:\/\/ingreenspain.es\/wp-content\/uploads\/2025\/03\/Portada-Gastronomia-Magazine.png 1440w\" sizes=\"auto, (max-width: 1024px) 100vw, 1024px\" \/><\/a><\/div><div class=\"w-vwrapper usg_vwrapper_1 align_none valign_top\" style=\"--vwrapper-gap:0.7rem\"><h2 class=\"w-post-elm post_title usg_post_title_1 has_text_color entry-title color_link_inherit\"><a href=\"https:\/\/ingreenspain.es\/de\/auf-der-suche-nach-authentizitaet-essen-und-trinken-um-sich-im-gruenen-spanien-wie-ein-einheimischer-zu-fuehlen\/\">Auf der Suche nach Authentizit\u00e4t: Essen (und Trinken), um sich im Gr\u00fcnen Spanien wie ein Einheimischer zu f\u00fchlen<\/a><\/h2><\/div>\t\t<\/div>\r\n\t\t\t<\/article>\r\n\t<article class=\"w-grid-item post-2160 post type-post status-publish format-standard has-post-thumbnail hentry category-asturien category-baskenland category-cantabrien category-galicien category-onogastronomie\" data-id=\"2160\">\r\n\t\t<div class=\"w-grid-item-h\">\r\n\t\t\t\t\t\t<div class=\"w-post-elm post_image usg_post_image_1 stretched\"><a href=\"https:\/\/ingreenspain.es\/de\/die-besten-kasesorten-nordspaniens-eine-kasetour-durch-das-grune-spanien\/\" aria-label=\"Die besten K\u00e4sesorten Nordspaniens: eine K\u00e4setour durch das Gr\u00fcne Spanien\"><img loading=\"lazy\" decoding=\"async\" width=\"1000\" height=\"590\" src=\"https:\/\/ingreenspain.es\/wp-content\/uploads\/2024\/11\/Goierri_Idiazabal_opt.jpg\" class=\"attachment-large size-large wp-post-image\" alt=\"\" srcset=\"https:\/\/ingreenspain.es\/wp-content\/uploads\/2024\/11\/Goierri_Idiazabal_opt.jpg 1000w, https:\/\/ingreenspain.es\/wp-content\/uploads\/2024\/11\/Goierri_Idiazabal_opt-300x177.jpg 300w\" sizes=\"auto, (max-width: 1000px) 100vw, 1000px\" \/><\/a><\/div><div class=\"w-vwrapper usg_vwrapper_1 align_none valign_top\" style=\"--vwrapper-gap:0.7rem\"><h2 class=\"w-post-elm post_title usg_post_title_1 has_text_color entry-title color_link_inherit\"><a href=\"https:\/\/ingreenspain.es\/de\/die-besten-kasesorten-nordspaniens-eine-kasetour-durch-das-grune-spanien\/\">Die besten K\u00e4sesorten Nordspaniens: eine K\u00e4setour durch das Gr\u00fcne Spanien<\/a><\/h2><\/div>\t\t<\/div>\r\n\t\t\t<\/article>\r\n\t<article class=\"w-grid-item post-1973 post type-post status-publish format-standard has-post-thumbnail hentry category-asturien category-baskenland category-cantabrien category-galicien category-onogastronomie\" data-id=\"1973\">\r\n\t\t<div class=\"w-grid-item-h\">\r\n\t\t\t\t\t\t<div class=\"w-post-elm post_image usg_post_image_1 stretched\"><a href=\"https:\/\/ingreenspain.es\/de\/vier-weinschaetze-des-gruenen-spaniens-die-sie-waehrend-der-weinlese-entdecken-sollten\/\" aria-label=\"Vier Weinsch\u00e4tze des Gr\u00fcnen Spaniens, die Sie w\u00e4hrend der Weinlese entdecken sollten\"><img loading=\"lazy\" decoding=\"async\" width=\"1024\" height=\"683\" src=\"https:\/\/ingreenspain.es\/wp-content\/uploads\/2024\/10\/rioja-alavesa-1024x683.jpg\" class=\"attachment-large size-large wp-post-image\" alt=\"\" srcset=\"https:\/\/ingreenspain.es\/wp-content\/uploads\/2024\/10\/rioja-alavesa-1024x683.jpg 1024w, https:\/\/ingreenspain.es\/wp-content\/uploads\/2024\/10\/rioja-alavesa-300x200.jpg 300w, https:\/\/ingreenspain.es\/wp-content\/uploads\/2024\/10\/rioja-alavesa.jpg 1440w\" sizes=\"auto, (max-width: 1024px) 100vw, 1024px\" \/><\/a><\/div><div class=\"w-vwrapper usg_vwrapper_1 align_none valign_top\" style=\"--vwrapper-gap:0.7rem\"><h2 class=\"w-post-elm post_title usg_post_title_1 has_text_color entry-title color_link_inherit\"><a href=\"https:\/\/ingreenspain.es\/de\/vier-weinschaetze-des-gruenen-spaniens-die-sie-waehrend-der-weinlese-entdecken-sollten\/\">Vier Weinsch\u00e4tze des Gr\u00fcnen Spaniens, die Sie w\u00e4hrend der Weinlese entdecken sollten<\/a><\/h2><\/div>\t\t<\/div>\r\n\t\t\t<\/article>\r\n<\/div><div class=\"w-grid-carousel-json hidden\" onclick='return {&quot;carousel_settings&quot;:{&quot;aria_labels&quot;:{&quot;prev&quot;:&quot;Zur\\u00fcck&quot;,&quot;next&quot;:&quot;Weiter&quot;},&quot;autoplayContinual&quot;:false,&quot;autoplayContinualCss&quot;:false,&quot;autoplayHoverPause&quot;:false,&quot;autoplayTimeout&quot;:3000,&quot;autoWidth&quot;:false,&quot;smartSpeed&quot;:350,&quot;margin&quot;:0,&quot;mouseDrag&quot;:true,&quot;rtl&quot;:false,&quot;slideBy&quot;:&quot;1&quot;,&quot;touchDrag&quot;:true,&quot;slideTransition&quot;:&quot;&quot;,&quot;responsive&quot;:{&quot;0&quot;:{&quot;autoHeight&quot;:false,&quot;autoplay&quot;:true,&quot;autoplayContinualCss&quot;:false,&quot;autoWidth&quot;:false,&quot;center&quot;:false,&quot;dots&quot;:true,&quot;items&quot;:1,&quot;loop&quot;:true,&quot;nav&quot;:false,&quot;stagePadding&quot;:0,&quot;slideBy&quot;:&quot;1&quot;,&quot;touchDrag&quot;:true,&quot;mouseDrag&quot;:true},&quot;601&quot;:{&quot;autoHeight&quot;:false,&quot;autoplay&quot;:true,&quot;autoplayContinualCss&quot;:false,&quot;autoWidth&quot;:false,&quot;center&quot;:false,&quot;dots&quot;:true,&quot;items&quot;:2,&quot;loop&quot;:true,&quot;nav&quot;:true,&quot;stagePadding&quot;:0,&quot;slideBy&quot;:&quot;1&quot;,&quot;touchDrag&quot;:true,&quot;mouseDrag&quot;:true},&quot;1025&quot;:{&quot;autoHeight&quot;:false,&quot;autoplay&quot;:true,&quot;autoplayContinualCss&quot;:false,&quot;autoWidth&quot;:false,&quot;center&quot;:false,&quot;dots&quot;:true,&quot;items&quot;:3,&quot;loop&quot;:true,&quot;nav&quot;:true,&quot;stagePadding&quot;:0,&quot;slideBy&quot;:&quot;1&quot;,&quot;touchDrag&quot;:true,&quot;mouseDrag&quot;:true},&quot;1381&quot;:{&quot;items&quot;:3,&quot;autoplay&quot;:false,&quot;autoplayContinualCss&quot;:false,&quot;center&quot;:false,&quot;dots&quot;:true,&quot;nav&quot;:true,&quot;autoHeight&quot;:false,&quot;autoWidth&quot;:false,&quot;loop&quot;:true,&quot;stagePadding&quot;:0}}}}'><\/div><\/div><div class=\"w-separator size_small\"><\/div><div class=\"w-btn-wrapper align_center\"><a class=\"w-btn us-btn-style_1 us_custom_eb849559\" href=\"https:\/\/ingreenspain.es\/de\/magazin\/\"><span class=\"w-btn-label\">Magazin<\/span><\/a><\/div><\/div><\/div><\/div><\/div><\/div><\/section>\n<section class=\"l-section wpb_row height_medium\"><div class=\"l-section-h i-cf\"><div class=\"g-cols vc_row via_flex valign_top type_default stacking_default\"><div class=\"vc_col-sm-12 wpb_column vc_column_container\"><div class=\"vc_column-inner\"><div class=\"wpb_wrapper\"><div class=\"w-gallery galeria-home fit_cover type_grid action_popup_image ratio_1x1 count_7\" style=\"--columns:4;--items-gap:15px;\"><div class=\"w-gallery-list\"><div class=\"w-gallery-item\"><div class=\"w-gallery-item-img\"><img loading=\"lazy\" decoding=\"async\" width=\"900\" height=\"600\" src=\"https:\/\/ingreenspain.es\/wp-content\/uploads\/2024\/05\/peregrino-carboeiro-900-600.jpg\" class=\"attachment-full size-full\" alt=\"https:\/\/ingreenspain.es\/de\/kuestenweg\/\" srcset=\"https:\/\/ingreenspain.es\/wp-content\/uploads\/2024\/05\/peregrino-carboeiro-900-600.jpg 900w, https:\/\/ingreenspain.es\/wp-content\/uploads\/2024\/05\/peregrino-carboeiro-900-600-300x200.jpg 300w\" sizes=\"auto, (max-width: 900px) 100vw, 900px\" \/><\/div><div class=\"w-gallery-item-meta\"><div class=\"w-gallery-item-title\">K\u00fcstenweg<\/div><\/div><a class=\"w-gallery-item-link\" aria-label=\"K\u00fcstenweg\" href=\"https:\/\/ingreenspain.es\/wp-content\/uploads\/2024\/05\/peregrino-carboeiro-900-600.jpg\" title=\"K\u00fcstenweg\"><\/a><\/div><div class=\"w-gallery-item\"><div class=\"w-gallery-item-img\"><img loading=\"lazy\" decoding=\"async\" width=\"1000\" height=\"650\" src=\"https:\/\/ingreenspain.es\/wp-content\/uploads\/2024\/05\/euskadi2-zoom.jpg\" class=\"attachment-full size-full\" alt=\"https:\/\/ingreenspain.es\/de\/surf\/\" srcset=\"https:\/\/ingreenspain.es\/wp-content\/uploads\/2024\/05\/euskadi2-zoom.jpg 1000w, https:\/\/ingreenspain.es\/wp-content\/uploads\/2024\/05\/euskadi2-zoom-300x195.jpg 300w\" sizes=\"auto, (max-width: 1000px) 100vw, 1000px\" \/><\/div><div class=\"w-gallery-item-meta\"><div class=\"w-gallery-item-title\">Surf<\/div><\/div><a class=\"w-gallery-item-link\" aria-label=\"Surf\" href=\"https:\/\/ingreenspain.es\/wp-content\/uploads\/2024\/05\/euskadi2-zoom.jpg\" title=\"Surf\"><\/a><\/div><div class=\"w-gallery-item\"><div class=\"w-gallery-item-img\"><img loading=\"lazy\" decoding=\"async\" width=\"900\" height=\"598\" src=\"https:\/\/ingreenspain.es\/wp-content\/uploads\/2024\/05\/asturias-paisaje.jpg\" class=\"attachment-full size-full\" alt=\"https:\/\/ingreenspain.es\/de\/natur-oekotourismus\/\" srcset=\"https:\/\/ingreenspain.es\/wp-content\/uploads\/2024\/05\/asturias-paisaje.jpg 900w, https:\/\/ingreenspain.es\/wp-content\/uploads\/2024\/05\/asturias-paisaje-300x199.jpg 300w\" sizes=\"auto, (max-width: 900px) 100vw, 900px\" \/><\/div><div class=\"w-gallery-item-meta\"><div class=\"w-gallery-item-title\">Natur & \u00d6kotourismus<\/div><\/div><a class=\"w-gallery-item-link\" aria-label=\"Natur &amp; \u00d6kotourismus\" href=\"https:\/\/ingreenspain.es\/wp-content\/uploads\/2024\/05\/asturias-paisaje.jpg\" title=\"Natur &amp; \u00d6kotourismus\"><\/a><\/div><div class=\"w-gallery-item\"><div class=\"w-gallery-item-img\"><img loading=\"lazy\" decoding=\"async\" width=\"1000\" height=\"650\" src=\"https:\/\/ingreenspain.es\/wp-content\/uploads\/2024\/05\/palloza-gallega.jpg\" class=\"attachment-full size-full\" alt=\"https:\/\/ingreenspain.es\/de\/staedte-und-kulturerbe\/\" srcset=\"https:\/\/ingreenspain.es\/wp-content\/uploads\/2024\/05\/palloza-gallega.jpg 1000w, https:\/\/ingreenspain.es\/wp-content\/uploads\/2024\/05\/palloza-gallega-300x195.jpg 300w\" sizes=\"auto, (max-width: 1000px) 100vw, 1000px\" \/><\/div><div class=\"w-gallery-item-meta\"><div class=\"w-gallery-item-title\">St\u00e4dte und Kulturerbe<\/div><\/div><a class=\"w-gallery-item-link\" aria-label=\"St\u00e4dte und Kulturerbe\" href=\"https:\/\/ingreenspain.es\/wp-content\/uploads\/2024\/05\/palloza-gallega.jpg\" title=\"St\u00e4dte und Kulturerbe\"><\/a><\/div><div class=\"w-gallery-item\"><div class=\"w-gallery-item-img\"><img loading=\"lazy\" decoding=\"async\" width=\"1000\" height=\"650\" src=\"https:\/\/ingreenspain.es\/wp-content\/uploads\/2024\/06\/galeria-euskadi-2.jpeg\" class=\"attachment-full size-full\" alt=\"https:\/\/ingreenspain.es\/de\/oenogastronomie\/\" srcset=\"https:\/\/ingreenspain.es\/wp-content\/uploads\/2024\/06\/galeria-euskadi-2.jpeg 1000w, https:\/\/ingreenspain.es\/wp-content\/uploads\/2024\/06\/galeria-euskadi-2-300x195.jpeg 300w\" sizes=\"auto, (max-width: 1000px) 100vw, 1000px\" \/><\/div><div class=\"w-gallery-item-meta\"><div class=\"w-gallery-item-title\">\u00d6enogastronomie<\/div><\/div><a class=\"w-gallery-item-link\" aria-label=\"\u00d6enogastronomie\" href=\"https:\/\/ingreenspain.es\/wp-content\/uploads\/2024\/06\/galeria-euskadi-2.jpeg\" title=\"\u00d6enogastronomie\"><\/a><\/div><div class=\"w-gallery-item\"><div class=\"w-gallery-item-img\"><img loading=\"lazy\" decoding=\"async\" width=\"900\" height=\"593\" src=\"https:\/\/ingreenspain.es\/wp-content\/uploads\/2024\/05\/salon-chimenea.jpg\" class=\"attachment-full size-full\" alt=\"https:\/\/ingreenspain.es\/de\/unterkuenfte-slow-sleep\/\" srcset=\"https:\/\/ingreenspain.es\/wp-content\/uploads\/2024\/05\/salon-chimenea.jpg 900w, https:\/\/ingreenspain.es\/wp-content\/uploads\/2024\/05\/salon-chimenea-300x198.jpg 300w\" sizes=\"auto, (max-width: 900px) 100vw, 900px\" \/><\/div><div class=\"w-gallery-item-meta\"><div class=\"w-gallery-item-title\">Slow Sleep<\/div><\/div><a class=\"w-gallery-item-link\" aria-label=\"Slow Sleep\" href=\"https:\/\/ingreenspain.es\/wp-content\/uploads\/2024\/05\/salon-chimenea.jpg\" title=\"Slow Sleep\"><\/a><\/div><div class=\"w-gallery-item\"><div class=\"w-gallery-item-img\"><img loading=\"lazy\" decoding=\"async\" width=\"900\" height=\"593\" src=\"https:\/\/ingreenspain.es\/wp-content\/uploads\/2024\/05\/la-gran-ruta-galeria.jpg\" class=\"attachment-full size-full\" alt=\"https:\/\/ingreenspain.es\/de\/grosse-tour\/\" srcset=\"https:\/\/ingreenspain.es\/wp-content\/uploads\/2024\/05\/la-gran-ruta-galeria.jpg 900w, https:\/\/ingreenspain.es\/wp-content\/uploads\/2024\/05\/la-gran-ruta-galeria-300x198.jpg 300w\" sizes=\"auto, (max-width: 900px) 100vw, 900px\" \/><\/div><div class=\"w-gallery-item-meta\"><div class=\"w-gallery-item-title\">Grosse Tour<\/div><\/div><a class=\"w-gallery-item-link\" aria-label=\"Grosse Tour\" href=\"https:\/\/ingreenspain.es\/wp-content\/uploads\/2024\/05\/la-gran-ruta-galeria.jpg\" title=\"Grosse Tour\"><\/a><\/div><\/div><\/div><\/div><\/div><\/div><\/div><\/div><\/section>\n<section class=\"l-section wpb_row prefooter height_medium\"><div class=\"l-section-h i-cf\"><div class=\"g-cols vc_row via_flex valign_top type_default stacking_default\"><div class=\"vc_col-sm-12 wpb_column vc_column_container has_bg_color\"><div class=\"vc_column-inner us_custom_057801f8\"><div class=\"wpb_wrapper\"><div class=\"w-separator size_small\"><\/div><div class=\"w-hwrapper valign_top wrap stack_on_mobiles us_custom_eb849559 align_center\" style=\"--hwrapper-gap:1.5rem\"><div class=\"w-image us_custom_a518f36e us_animate_this align_center\"><div class=\"w-image-h\"><img decoding=\"async\" width=\"250\" height=\"190\" src=\"https:\/\/ingreenspain.es\/wp-content\/uploads\/2024\/05\/mapa-SP-small.png\" class=\"attachment-full size-full\" alt=\"\" loading=\"lazy\" \/><\/div><\/div><div class=\"w-html\"><img decoding=\"async\" src=\"https:\/\/ingreenspain.es\/wp-content\/uploads\/2024\/05\/mapa-EV.png\" usemap=\"#image-map\"><map name=\"image-map\">\n    <area alt=\"Galicia\" title=\"Galicia\" href=\"https:\/\/www.ingreenspain.es\/de\/#Galicia\" coords=\"85,7,60,13,44,30,25,38,1,58,12,76,21,100,23,123,25,143,61,132,72,146,112,146,131,132,140,107,133,68,128,43,121,18,98,7\" shape=\"poly\">\n    <area target=\"\" alt=\"Asturias\" title=\"Asturias\" href=\"https:\/\/www.ingreenspain.es\/de\/#Asturias\" coords=\"128,18,118,31,127,50,137,63,154,65,171,59,200,58,233,52,247,42,263,34,230,22,195,12\" shape=\"poly\">\n    <area target=\"\" alt=\"Cantabria\" title=\"Cantabria\" href=\"https:\/\/ingreenspain.es\/de\/#Cantabria\" coords=\"247,46,275,33,305,25,333,30,338,40,319,49,304,54,298,65,297,75,289,76,250,58\" shape=\"poly\">\n    <area target=\"\" alt=\"Euskadi\" title=\"Euskadi\" href=\"https:\/\/ingreenspain.es\/de\/#Euskadi\" coords=\"342,38,327,43,344,62,336,73,372,99,384,99,397,69,415,45,419,32,360,29\" shape=\"poly\">\n\n<\/map><\/div><div usemap=\"#workmap\" class=\"w-image us_custom_2c2c32a0 us_animate_this hide_on_default hide_on_laptops hide_on_tablets hide_on_mobiles align_center\"><div class=\"w-image-h\"><img decoding=\"async\" width=\"420\" height=\"150\" src=\"https:\/\/ingreenspain.es\/wp-content\/uploads\/2024\/05\/mapa-EV.png\" class=\"attachment-full size-full\" alt=\"\" loading=\"lazy\" srcset=\"https:\/\/ingreenspain.es\/wp-content\/uploads\/2024\/05\/mapa-EV.png 420w, https:\/\/ingreenspain.es\/wp-content\/uploads\/2024\/05\/mapa-EV-300x107.png 300w\" sizes=\"auto, (max-width: 420px) 100vw, 420px\" \/><\/div><\/div><div class=\"w-socials us_custom_cc1760fe has_text_color us_animate_this color_text shape_circle style_colored hover_fade\" style=\"--gap:0.5em;\"><div class=\"w-socials-list\"><div class=\"w-socials-item facebook\"><a href=\"https:\/\/www.facebook.com\/InGreenSpain\" class=\"w-socials-item-link\" aria-label=\"Facebook\"><span class=\"w-socials-item-link-hover\"><\/span><i class=\"fab fa-facebook\"><\/i><\/a><div class=\"w-socials-item-popup\"><span>Facebook<\/span><\/div><\/div><div class=\"w-socials-item instagram\"><a href=\"https:\/\/www.instagram.com\/ingreenspain\" class=\"w-socials-item-link\" aria-label=\"Instagram\"><span class=\"w-socials-item-link-hover\"><\/span><i class=\"fab fa-instagram\"><\/i><\/a><div class=\"w-socials-item-popup\"><span>Instagram<\/span><\/div><\/div><\/div><\/div><\/div><div class=\"w-separator size_medium with_line width_default thick_1 style_solid color_border align_center\"><div class=\"w-separator-h\"><\/div><\/div><h3 class=\"w-text us_custom_7ffc40f7 has_text_color\"><span class=\"w-text-h\"><span class=\"w-text-value\">Kontakt<\/span><\/span><\/h3><div class=\"w-text us_custom_025665fb icon_atleft\"><a href=\"mailto:info@ingreenspain.es\" class=\"w-text-h\"><i class=\"fas fa-envelope\"><\/i><span class=\"w-text-value\">info@ingreenspain.es<\/span><\/a><\/div><\/div><\/div><\/div><\/div><\/div><\/section>\n\n","protected":false},"excerpt":{"rendered":"Erst wenn der Sommer sich schlafen legt, erwacht die Weinlese. In dieser Zeit erreichen die Weing\u00fcter des Gr\u00fcnen Spaniens einen Aktivit\u00e4tsh\u00f6hepunkt, der den Besuch noch bereichert. Nat\u00fcrlich k\u00f6nnen Sie ihre Geheimnisse entdecken, durch ihre Weinberge spazieren, ihre Weine verkosten und gleichzeitig die besch\u00e4ftigsten Wochen des Jahres miterleben. 1. Rioja Alavesa (Baskenland) -- D.O.Ca. Rioja Laguardia...","protected":false},"author":1,"featured_media":0,"parent":0,"menu_order":0,"comment_status":"closed","ping_status":"closed","template":"","meta":{"_acf_changed":false,"footnotes":""},"class_list":["post-1480","page","type-page","status-publish","hentry"],"acf":[],"yoast_head":"<!-- This site is optimized with the Yoast SEO plugin v27.5 - https:\/\/yoast.com\/product\/yoast-seo-wordpress\/ -->\n<title>Weintourismus im gr\u00fcnen Spanien: authentische Aromen<\/title>\n<meta name=\"description\" content=\"Genie\u00dfen Sie den Wein- und Sidrerie-Tourismus in Galicien, Asturien, Kantabrien und dem Baskenland. Besuchen Sie traditionelle Sidrerien und genie\u00dfen Sie lokale Weine und Produkte in einer einzigartigen nat\u00fcrlichen Umgebung. Ideal f\u00fcr Feinschmecker und Genie\u00dfer.\" \/>\n<meta name=\"robots\" content=\"index, follow, max-snippet:-1, max-image-preview:large, max-video-preview:-1\" \/>\n<link rel=\"canonical\" href=\"https:\/\/ingreenspain.es\/de\/oenogastronomie\/\" \/>\n<meta property=\"og:locale\" content=\"de_DE\" \/>\n<meta property=\"og:type\" content=\"article\" \/>\n<meta property=\"og:title\" content=\"Weintourismus im gr\u00fcnen Spanien: authentische Aromen\" \/>\n<meta property=\"og:description\" content=\"Genie\u00dfen Sie den Wein- und Sidrerie-Tourismus in Galicien, Asturien, Kantabrien und dem Baskenland. Besuchen Sie traditionelle Sidrerien und genie\u00dfen Sie lokale Weine und Produkte in einer einzigartigen nat\u00fcrlichen Umgebung. Ideal f\u00fcr Feinschmecker und Genie\u00dfer.\" \/>\n<meta property=\"og:url\" content=\"https:\/\/ingreenspain.es\/de\/oenogastronomie\/\" \/>\n<meta property=\"og:site_name\" content=\"Gr\u00fcnes Spanien\" \/>\n<meta property=\"article:publisher\" content=\"https:\/\/www.facebook.com\/InGreenSpain\" \/>\n<meta property=\"article:modified_time\" content=\"2025-01-22T16:04:51+00:00\" \/>\n<meta name=\"twitter:card\" content=\"summary_large_image\" \/>\n<meta name=\"twitter:label1\" content=\"Gesch\u00e4tzte Lesezeit\" \/>\n\t<meta name=\"twitter:data1\" content=\"2\u00a0Minuten\" \/>\n<script type=\"application\/ld+json\" class=\"yoast-schema-graph\">{\"@context\":\"https:\\\/\\\/schema.org\",\"@graph\":[{\"@type\":\"WebPage\",\"@id\":\"https:\\\/\\\/ingreenspain.es\\\/de\\\/oenogastronomie\\\/\",\"url\":\"https:\\\/\\\/ingreenspain.es\\\/de\\\/oenogastronomie\\\/\",\"name\":\"Weintourismus im gr\u00fcnen Spanien: authentische Aromen\",\"isPartOf\":{\"@id\":\"https:\\\/\\\/ingreenspain.es\\\/de\\\/#website\"},\"datePublished\":\"2024-05-07T14:48:11+00:00\",\"dateModified\":\"2025-01-22T16:04:51+00:00\",\"description\":\"Genie\u00dfen Sie den Wein- und Sidrerie-Tourismus in Galicien, Asturien, Kantabrien und dem Baskenland. Besuchen Sie traditionelle Sidrerien und genie\u00dfen Sie lokale Weine und Produkte in einer einzigartigen nat\u00fcrlichen Umgebung. Ideal f\u00fcr Feinschmecker und Genie\u00dfer.\",\"breadcrumb\":{\"@id\":\"https:\\\/\\\/ingreenspain.es\\\/de\\\/oenogastronomie\\\/#breadcrumb\"},\"inLanguage\":\"de\",\"potentialAction\":[{\"@type\":\"ReadAction\",\"target\":[\"https:\\\/\\\/ingreenspain.es\\\/de\\\/oenogastronomie\\\/\"]}]},{\"@type\":\"BreadcrumbList\",\"@id\":\"https:\\\/\\\/ingreenspain.es\\\/de\\\/oenogastronomie\\\/#breadcrumb\",\"itemListElement\":[{\"@type\":\"ListItem\",\"position\":1,\"name\":\"Portada\",\"item\":\"https:\\\/\\\/ingreenspain.es\\\/de\\\/\"},{\"@type\":\"ListItem\",\"position\":2,\"name\":\"\u00d6NOGASTRONOMIE\"}]},{\"@type\":\"WebSite\",\"@id\":\"https:\\\/\\\/ingreenspain.es\\\/de\\\/#website\",\"url\":\"https:\\\/\\\/ingreenspain.es\\\/de\\\/\",\"name\":\"Espa\u00f1a Verde\",\"description\":\"Atlantik f\u00fcr Genie\",\"publisher\":{\"@id\":\"https:\\\/\\\/ingreenspain.es\\\/de\\\/#organization\"},\"potentialAction\":[{\"@type\":\"SearchAction\",\"target\":{\"@type\":\"EntryPoint\",\"urlTemplate\":\"https:\\\/\\\/ingreenspain.es\\\/de\\\/?s={search_term_string}\"},\"query-input\":{\"@type\":\"PropertyValueSpecification\",\"valueRequired\":true,\"valueName\":\"search_term_string\"}}],\"inLanguage\":\"de\"},{\"@type\":\"Organization\",\"@id\":\"https:\\\/\\\/ingreenspain.es\\\/de\\\/#organization\",\"name\":\"Espa\u00f1a Verde\",\"url\":\"https:\\\/\\\/ingreenspain.es\\\/de\\\/\",\"logo\":{\"@type\":\"ImageObject\",\"inLanguage\":\"de\",\"@id\":\"https:\\\/\\\/ingreenspain.es\\\/de\\\/#\\\/schema\\\/logo\\\/image\\\/\",\"url\":\"https:\\\/\\\/ingreenspain.es\\\/wp-content\\\/uploads\\\/2024\\\/05\\\/logoEV.png\",\"contentUrl\":\"https:\\\/\\\/ingreenspain.es\\\/wp-content\\\/uploads\\\/2024\\\/05\\\/logoEV.png\",\"width\":125,\"height\":40,\"caption\":\"Espa\u00f1a Verde\"},\"image\":{\"@id\":\"https:\\\/\\\/ingreenspain.es\\\/de\\\/#\\\/schema\\\/logo\\\/image\\\/\"},\"sameAs\":[\"https:\\\/\\\/www.facebook.com\\\/InGreenSpain\",\"https:\\\/\\\/www.instagram.com\\\/ingreenspain\",\"https:\\\/\\\/www.youtube.com\\\/@INGREENSPAIN\"]}]}<\/script>\n<!-- \/ Yoast SEO plugin. -->","yoast_head_json":{"title":"Weintourismus im gr\u00fcnen Spanien: authentische Aromen","description":"Genie\u00dfen Sie den Wein- und Sidrerie-Tourismus in Galicien, Asturien, Kantabrien und dem Baskenland. Besuchen Sie traditionelle Sidrerien und genie\u00dfen Sie lokale Weine und Produkte in einer einzigartigen nat\u00fcrlichen Umgebung. Ideal f\u00fcr Feinschmecker und Genie\u00dfer.","robots":{"index":"index","follow":"follow","max-snippet":"max-snippet:-1","max-image-preview":"max-image-preview:large","max-video-preview":"max-video-preview:-1"},"canonical":"https:\/\/ingreenspain.es\/de\/oenogastronomie\/","og_locale":"de_DE","og_type":"article","og_title":"Weintourismus im gr\u00fcnen Spanien: authentische Aromen","og_description":"Genie\u00dfen Sie den Wein- und Sidrerie-Tourismus in Galicien, Asturien, Kantabrien und dem Baskenland. Besuchen Sie traditionelle Sidrerien und genie\u00dfen Sie lokale Weine und Produkte in einer einzigartigen nat\u00fcrlichen Umgebung. Ideal f\u00fcr Feinschmecker und Genie\u00dfer.","og_url":"https:\/\/ingreenspain.es\/de\/oenogastronomie\/","og_site_name":"Gr\u00fcnes Spanien","article_publisher":"https:\/\/www.facebook.com\/InGreenSpain","article_modified_time":"2025-01-22T16:04:51+00:00","twitter_card":"summary_large_image","twitter_misc":{"Gesch\u00e4tzte Lesezeit":"2\u00a0Minuten"},"schema":{"@context":"https:\/\/schema.org","@graph":[{"@type":"WebPage","@id":"https:\/\/ingreenspain.es\/de\/oenogastronomie\/","url":"https:\/\/ingreenspain.es\/de\/oenogastronomie\/","name":"Weintourismus im gr\u00fcnen Spanien: authentische Aromen","isPartOf":{"@id":"https:\/\/ingreenspain.es\/de\/#website"},"datePublished":"2024-05-07T14:48:11+00:00","dateModified":"2025-01-22T16:04:51+00:00","description":"Genie\u00dfen Sie den Wein- und Sidrerie-Tourismus in Galicien, Asturien, Kantabrien und dem Baskenland. Besuchen Sie traditionelle Sidrerien und genie\u00dfen Sie lokale Weine und Produkte in einer einzigartigen nat\u00fcrlichen Umgebung. Ideal f\u00fcr Feinschmecker und Genie\u00dfer.","breadcrumb":{"@id":"https:\/\/ingreenspain.es\/de\/oenogastronomie\/#breadcrumb"},"inLanguage":"de","potentialAction":[{"@type":"ReadAction","target":["https:\/\/ingreenspain.es\/de\/oenogastronomie\/"]}]},{"@type":"BreadcrumbList","@id":"https:\/\/ingreenspain.es\/de\/oenogastronomie\/#breadcrumb","itemListElement":[{"@type":"ListItem","position":1,"name":"Portada","item":"https:\/\/ingreenspain.es\/de\/"},{"@type":"ListItem","position":2,"name":"\u00d6NOGASTRONOMIE"}]},{"@type":"WebSite","@id":"https:\/\/ingreenspain.es\/de\/#website","url":"https:\/\/ingreenspain.es\/de\/","name":"Espa\u00f1a Verde","description":"Atlantik f\u00fcr Genie","publisher":{"@id":"https:\/\/ingreenspain.es\/de\/#organization"},"potentialAction":[{"@type":"SearchAction","target":{"@type":"EntryPoint","urlTemplate":"https:\/\/ingreenspain.es\/de\/?s={search_term_string}"},"query-input":{"@type":"PropertyValueSpecification","valueRequired":true,"valueName":"search_term_string"}}],"inLanguage":"de"},{"@type":"Organization","@id":"https:\/\/ingreenspain.es\/de\/#organization","name":"Espa\u00f1a Verde","url":"https:\/\/ingreenspain.es\/de\/","logo":{"@type":"ImageObject","inLanguage":"de","@id":"https:\/\/ingreenspain.es\/de\/#\/schema\/logo\/image\/","url":"https:\/\/ingreenspain.es\/wp-content\/uploads\/2024\/05\/logoEV.png","contentUrl":"https:\/\/ingreenspain.es\/wp-content\/uploads\/2024\/05\/logoEV.png","width":125,"height":40,"caption":"Espa\u00f1a Verde"},"image":{"@id":"https:\/\/ingreenspain.es\/de\/#\/schema\/logo\/image\/"},"sameAs":["https:\/\/www.facebook.com\/InGreenSpain","https:\/\/www.instagram.com\/ingreenspain","https:\/\/www.youtube.com\/@INGREENSPAIN"]}]}},"_links":{"self":[{"href":"https:\/\/ingreenspain.es\/de\/wp-json\/wp\/v2\/pages\/1480","targetHints":{"allow":["GET"]}}],"collection":[{"href":"https:\/\/ingreenspain.es\/de\/wp-json\/wp\/v2\/pages"}],"about":[{"href":"https:\/\/ingreenspain.es\/de\/wp-json\/wp\/v2\/types\/page"}],"author":[{"embeddable":true,"href":"https:\/\/ingreenspain.es\/de\/wp-json\/wp\/v2\/users\/1"}],"replies":[{"embeddable":true,"href":"https:\/\/ingreenspain.es\/de\/wp-json\/wp\/v2\/comments?post=1480"}],"version-history":[{"count":3,"href":"https:\/\/ingreenspain.es\/de\/wp-json\/wp\/v2\/pages\/1480\/revisions"}],"predecessor-version":[{"id":2571,"href":"https:\/\/ingreenspain.es\/de\/wp-json\/wp\/v2\/pages\/1480\/revisions\/2571"}],"wp:attachment":[{"href":"https:\/\/ingreenspain.es\/de\/wp-json\/wp\/v2\/media?parent=1480"}],"curies":[{"name":"wp","href":"https:\/\/api.w.org\/{rel}","templated":true}]}}