{"id":1416,"date":"2024-05-07T16:47:34","date_gmt":"2024-05-07T14:47:34","guid":{"rendered":"https:\/\/ingreenspain.es\/nature-ecotourisme\/"},"modified":"2025-05-30T12:53:20","modified_gmt":"2025-05-30T10:53:20","slug":"nature-ecotourisme","status":"publish","type":"page","link":"https:\/\/ingreenspain.es\/fr\/nature-ecotourisme\/","title":{"rendered":"NATURE &amp; \u00c9COTOURISME"},"content":{"rendered":"<section class=\"l-section wpb_row us_custom_68f74e08 height_large\"><div class=\"l-section-h i-cf\"><div class=\"g-cols vc_row via_flex valign_top type_default stacking_default\"><div class=\"vc_col-sm-3\/5 wpb_column vc_column_container\"><div class=\"vc_column-inner us_custom_56761b8e\"><div class=\"vc_column-overlay\" style=\"background:rgba(47,53,59,0.9)\"><\/div><div class=\"wpb_wrapper\"><h1 class=\"w-text us_custom_f7f66005 palo-titular has_text_color us_animate_this\"><span class=\"w-text-h\"><span class=\"w-text-value\">L\u2019AVENTURE COMMENCE<\/span><\/span><\/h1><div class=\"w-separator size_small\"><\/div><div class=\"wpb_text_column us_custom_17fe550a negrita-verde has_text_color us_animate_this\"><div class=\"wpb_wrapper\"><p>Vous avez devin\u00e9. L\u2019Espagne verte est ainsi appel\u00e9e parce qu\u2019il y a une couleur qui couvre tout. Elle arrose les prairies de haute montagne, habille les for\u00eats autochtones et atteint le rivage m\u00eame de la mer. Ce n\u2019est pas la seule couleur, il y en a des milliers d\u2019autres, mais celle-ci est omnipr\u00e9sente.<\/p>\n<p>Un paysage vert signifie un paysage diversifi\u00e9, riche et h\u00e9t\u00e9rog\u00e8ne qui a h\u00e2te de se montrer \u00e0 ceux qui savent l\u2019appr\u00e9cier et le respecter. Par cons\u00e9quent, l\u2019Espagne verte vous invite \u00e0 la conna\u00eetre en profondeur, \u00e0 la parcourir, \u00e0 la d\u00e9couvrir, \u00e0 la nager, \u00e0 l\u2019escalader, \u00e0 la gravir ou \u00e0 la p\u00e9daler. Pour explorer ses grottes ou descendre ses rivi\u00e8res. Un territoire id\u00e9al pour le tourisme actif et l\u2019aventure.<\/p>\n<\/div><\/div><div class=\"w-separator hide_on_mobiles size_medium\"><\/div><div class=\"w-btn-wrapper align_none\"><a class=\"w-btn us-btn-style_1 us_custom_b4198c51 icon_atright\" target=\"_blank\" href=\"https:\/\/ingreenspain.es\/fr\/reserva-ecoturista\/\"><span class=\"w-btn-label\">D\u00e9couvrez la r\u00e9serve \u00e9cotouristique<\/span><i class=\"fal fa-arrow-right\"><\/i><\/a><\/div><\/div><\/div><\/div><div class=\"vc_col-sm-2\/5 wpb_column vc_column_container\"><div class=\"vc_column-inner\"><div class=\"wpb_wrapper\"><\/div><\/div><\/div><\/div><\/div><\/section><section class=\"l-section wpb_row height_medium\"><div class=\"l-section-h i-cf\"><div class=\"g-cols vc_row via_flex valign_top type_default stacking_default\"><div class=\"vc_col-sm-12 wpb_column vc_column_container\"><div class=\"vc_column-inner\"><div class=\"wpb_wrapper\"><div class=\"w-gallery fit_cover type_grid action_popup_image ratio_16x9 count_4\" style=\"--columns:4;--items-gap:10px;\"><div class=\"w-gallery-list\"><div class=\"w-gallery-item\"><div class=\"w-gallery-item-img\"><img loading=\"lazy\" decoding=\"async\" width=\"1600\" height=\"1066\" src=\"https:\/\/ingreenspain.es\/wp-content\/uploads\/2024\/05\/Fraga-de-Catasos-Galicia.jpg\" class=\"attachment-full size-full\" alt=\"\" srcset=\"https:\/\/ingreenspain.es\/wp-content\/uploads\/2024\/05\/Fraga-de-Catasos-Galicia.jpg 1600w, https:\/\/ingreenspain.es\/wp-content\/uploads\/2024\/05\/Fraga-de-Catasos-Galicia-300x200.jpg 300w, https:\/\/ingreenspain.es\/wp-content\/uploads\/2024\/05\/Fraga-de-Catasos-Galicia-1024x682.jpg 1024w\" sizes=\"auto, (max-width: 1600px) 100vw, 1600px\" \/><\/div><a class=\"w-gallery-item-link\" aria-label=\"Mux\u00eda, Virxe da Barca\" href=\"https:\/\/ingreenspain.es\/wp-content\/uploads\/2024\/05\/Fraga-de-Catasos-Galicia.jpg\"><\/a><\/div><div class=\"w-gallery-item\"><div class=\"w-gallery-item-img\"><img loading=\"lazy\" decoding=\"async\" width=\"1280\" height=\"850\" src=\"https:\/\/ingreenspain.es\/wp-content\/uploads\/2024\/05\/redes.jpg\" class=\"attachment-full size-full\" alt=\"\" srcset=\"https:\/\/ingreenspain.es\/wp-content\/uploads\/2024\/05\/redes.jpg 1280w, https:\/\/ingreenspain.es\/wp-content\/uploads\/2024\/05\/redes-300x199.jpg 300w, https:\/\/ingreenspain.es\/wp-content\/uploads\/2024\/05\/redes-1024x680.jpg 1024w\" sizes=\"auto, (max-width: 1280px) 100vw, 1280px\" \/><\/div><a class=\"w-gallery-item-link\" aria-label=\"redes\" href=\"https:\/\/ingreenspain.es\/wp-content\/uploads\/2024\/05\/redes.jpg\"><\/a><\/div><div class=\"w-gallery-item\"><div class=\"w-gallery-item-img\"><img loading=\"lazy\" decoding=\"async\" width=\"1600\" height=\"1066\" src=\"https:\/\/ingreenspain.es\/wp-content\/uploads\/2024\/05\/Ruiloba-ermita-el-remedio-Comillas-Cantabria.jpg\" class=\"attachment-full size-full\" alt=\"\" srcset=\"https:\/\/ingreenspain.es\/wp-content\/uploads\/2024\/05\/Ruiloba-ermita-el-remedio-Comillas-Cantabria.jpg 1600w, https:\/\/ingreenspain.es\/wp-content\/uploads\/2024\/05\/Ruiloba-ermita-el-remedio-Comillas-Cantabria-300x200.jpg 300w, https:\/\/ingreenspain.es\/wp-content\/uploads\/2024\/05\/Ruiloba-ermita-el-remedio-Comillas-Cantabria-1024x682.jpg 1024w\" sizes=\"auto, (max-width: 1600px) 100vw, 1600px\" \/><\/div><a class=\"w-gallery-item-link\" aria-label=\"Mux\u00eda, Virxe da Barca\" href=\"https:\/\/ingreenspain.es\/wp-content\/uploads\/2024\/05\/Ruiloba-ermita-el-remedio-Comillas-Cantabria.jpg\"><\/a><\/div><div class=\"w-gallery-item\"><div class=\"w-gallery-item-img\"><img loading=\"lazy\" decoding=\"async\" width=\"1600\" height=\"1066\" src=\"https:\/\/ingreenspain.es\/wp-content\/uploads\/2024\/05\/Naturaleza-1-Euskadi.jpg\" class=\"attachment-full size-full\" alt=\"\" srcset=\"https:\/\/ingreenspain.es\/wp-content\/uploads\/2024\/05\/Naturaleza-1-Euskadi.jpg 1600w, https:\/\/ingreenspain.es\/wp-content\/uploads\/2024\/05\/Naturaleza-1-Euskadi-300x200.jpg 300w, https:\/\/ingreenspain.es\/wp-content\/uploads\/2024\/05\/Naturaleza-1-Euskadi-1024x682.jpg 1024w\" sizes=\"auto, (max-width: 1600px) 100vw, 1600px\" \/><\/div><a class=\"w-gallery-item-link\" aria-label=\"Mux\u00eda, Virxe da Barca\" href=\"https:\/\/ingreenspain.es\/wp-content\/uploads\/2024\/05\/Naturaleza-1-Euskadi.jpg\"><\/a><\/div><\/div><\/div><\/div><\/div><\/div><\/div><\/div><\/section><section class=\"l-section wpb_row us_custom_3b5789f9 pegado-arriba height_medium\" id=\"Asturias\"><div class=\"l-section-h i-cf\"><div class=\"g-cols vc_row via_flex valign_top type_default stacking_default\"><div class=\"vc_col-sm-7 wpb_column vc_column_container\"><div class=\"vc_column-inner\"><div class=\"wpb_wrapper\"><\/div><\/div><\/div><div class=\"vc_col-sm-5 wpb_column vc_column_container\"><div class=\"vc_column-inner us_custom_56761b8e\"><div class=\"vc_column-overlay\" style=\"background:rgba(47,53,59,0.9)\"><\/div><div class=\"wpb_wrapper\"><div class=\"w-separator size_large\"><\/div><h2 class=\"w-text us_custom_f7f66005 palo-titular-arriba has_text_color us_animate_this\"><span class=\"w-text-h\"><span class=\"w-text-value\">UN LIEU PRIVIL\u00c9GI\u00c9<\/span><\/span><\/h2><div class=\"w-separator size_small\"><\/div><div class=\"wpb_text_column us_custom_679696aa negrita-verde has_text_color us_animate_this\"><div class=\"wpb_wrapper\"><p>L\u2019Espagne verte abrite 2 500 kilom\u00e8tres de c\u00f4tes, deux Parcs Nationaux, 15 R\u00e9serves de la Biosph\u00e8re et plus de 200 zones naturelles prot\u00e9g\u00e9es. Cela se traduit par une grande abondance et vari\u00e9t\u00e9 d\u2019\u00e9cosyst\u00e8mes : des plages sauvages avec des dunes aux for\u00eats autochtones, en passant par des paysages de haute montagne, des falaises, des marais, des canyons fluviaux ou des grottes. Et n\u2019oubliez pas la biodiversit\u00e9, les oiseaux qui font une halte ici lors de leurs voyages migratoires ou des esp\u00e8ces comme les ours qui ont trouv\u00e9 un avenir prot\u00e9g\u00e9 dans ces r\u00e9gions.<\/p>\n<p>Dans l\u2019ensemble de ces quatre territoires, vous pourrez combiner des paysages de mer et de montagne dans la m\u00eame journ\u00e9e, vous r\u00e9veiller \u00e0 c\u00f4t\u00e9 d\u2019une for\u00eat de h\u00eatres au Pays basque et marcher quelques heures plus tard le long des dunes de la Cantabrie ; vous \u00e9merveiller dans les paysages asturiens des Pics d\u2019Europe et contempler certaines des plus hautes falaises d\u2019Europe, en Galice.<\/p>\n<\/div><\/div><div class=\"w-separator size_large\"><\/div><\/div><\/div><\/div><\/div><\/div><\/section><section class=\"l-section wpb_row height_medium\"><div class=\"l-section-h i-cf\"><div class=\"g-cols vc_row via_flex valign_top type_default stacking_default\"><div class=\"vc_col-sm-12 wpb_column vc_column_container\"><div class=\"vc_column-inner\"><div class=\"wpb_wrapper\"><h2 class=\"w-text us_custom_eb849559 palo-titular\"><span class=\"w-text-h\"><span class=\"w-text-value\">NATURE &amp; \u00c9COTOURISME en el Magazine de Espa\u00f1a Verde<\/span><\/span><\/h2><div class=\"w-separator size_small\"><\/div><div class=\"w-grid us_carousel carrusel-posts-experiencias type_carousel layout_2411 overflow_hidden preload_style_spinner items_3\" id=\"us_grid_1\" style=\"--items:3;--gap:1.5rem;\"><style>.layout_2411 .w-grid-item-h{background:#333;border-radius:0rem;box-shadow:0 0rem 0rem rgba(0,0,0,0.1),0 0rem 0rem rgba(0,0,0,0.1);transition-duration:0.3s}.no-touch .layout_2411 .w-grid-item-h:hover{box-shadow:0 0.12rem 0.24rem rgba(0,0,0,0.1),0 0.4rem 1.2rem rgba(0,0,0,0.15);z-index:4}.layout_2411 .usg_post_image_1{transition-duration:0.3s;transform-origin:50% 50%;transform:scale(1) translate(0%,0%)}.layout_2411 .w-grid-item-h:focus-within .usg_post_image_1,.layout_2411 .w-grid-item-h:hover .usg_post_image_1{transform:scale(1.1) translate(0%,0%);opacity:1}.layout_2411 .usg_vwrapper_1{position:absolute!important;right:0!important;bottom:0!important;left:0!important;background:linear-gradient(transparent,rgba(30,30,30,0.8))!important;padding:15% 7% 7% 7%!important}.layout_2411 .usg_post_title_1{color:#fff!important;font-size:1.2rem!important;font-weight:700!important}@media (max-width:600px){.layout_2411 .usg_post_title_1{font-size:1.2rem!important}}<\/style><div class=\"w-grid-list owl-carousel valign_stretch dotstyle_circle navstyle_circle arrows-ver-pos_middle arrows-hor-pos_on_sides_outside arrows-disabled_hide owl-responsive-2000 with_dots with_arrows\" style=\"--transition-duration:350ms;--arrows-size:1.5rem;--arrows-hor-offset:calc(0px + 1.5rem);--arrows-gap:10px;\">\t<article class=\"w-grid-item post-6518 post type-post status-publish format-standard has-post-thumbnail hentry category-cantabrie category-galice category-les-asturies category-nature-ecoturisme category-pays-basque category-surf-fr\" data-id=\"6518\">\r\n\t\t<div class=\"w-grid-item-h\">\r\n\t\t\t\t\t\t<div class=\"w-post-elm post_image usg_post_image_1 stretched\"><a href=\"https:\/\/ingreenspain.es\/fr\/locean-est-il-le-meilleur-sculpteur-de-tous-les-temps-chez-lespagne-verte-nous-pensons-que-oui\/\" aria-label=\"L&rsquo;oc\u00e9an est-il le meilleur sculpteur de tous les temps ? (Chez L\u2019Espagne verte, nous pensons que oui.)\"><img loading=\"lazy\" decoding=\"async\" width=\"1024\" height=\"683\" src=\"https:\/\/ingreenspain.es\/wp-content\/uploads\/2025\/12\/ASTURIAS-INGREENSPAIN-Fotocomunica_surf-34-1024x683.jpg\" class=\"attachment-large size-large wp-post-image\" alt=\"\" srcset=\"https:\/\/ingreenspain.es\/wp-content\/uploads\/2025\/12\/ASTURIAS-INGREENSPAIN-Fotocomunica_surf-34-1024x683.jpg 1024w, https:\/\/ingreenspain.es\/wp-content\/uploads\/2025\/12\/ASTURIAS-INGREENSPAIN-Fotocomunica_surf-34-300x200.jpg 300w, https:\/\/ingreenspain.es\/wp-content\/uploads\/2025\/12\/ASTURIAS-INGREENSPAIN-Fotocomunica_surf-34.jpg 1440w\" sizes=\"auto, (max-width: 1024px) 100vw, 1024px\" \/><\/a><\/div><div class=\"w-vwrapper usg_vwrapper_1 align_none valign_top\" style=\"--vwrapper-gap:0.7rem\"><h2 class=\"w-post-elm post_title usg_post_title_1 has_text_color entry-title color_link_inherit\"><a href=\"https:\/\/ingreenspain.es\/fr\/locean-est-il-le-meilleur-sculpteur-de-tous-les-temps-chez-lespagne-verte-nous-pensons-que-oui\/\">L&rsquo;oc\u00e9an est-il le meilleur sculpteur de tous les temps ? (Chez L\u2019Espagne verte, nous pensons que oui.)<\/a><\/h2><\/div>\t\t<\/div>\r\n\t\t\t<\/article>\r\n\t<article class=\"w-grid-item post-6316 post type-post status-publish format-standard has-post-thumbnail hentry category-cantabrie category-galice category-les-asturies category-nature-ecoturisme category-pays-basque\" data-id=\"6316\">\r\n\t\t<div class=\"w-grid-item-h\">\r\n\t\t\t\t\t\t<div class=\"w-post-elm post_image usg_post_image_1 stretched\"><a href=\"https:\/\/ingreenspain.es\/fr\/12-choses-que-vous-ne-saviez-peut-etre-pas-sur-la-reserve-ecotouristique-de-lespagne-verte\/\" aria-label=\"12 choses que vous ne saviez peut-\u00eatre pas sur la r\u00e9serve \u00e9cotouristique de l&rsquo;Espagne verte\"><img loading=\"lazy\" decoding=\"async\" width=\"1024\" height=\"683\" src=\"https:\/\/ingreenspain.es\/wp-content\/uploads\/2025\/11\/portada-reserva-ecoturstam-1024x683.jpg\" class=\"attachment-large size-large wp-post-image\" alt=\"\" srcset=\"https:\/\/ingreenspain.es\/wp-content\/uploads\/2025\/11\/portada-reserva-ecoturstam-1024x683.jpg 1024w, https:\/\/ingreenspain.es\/wp-content\/uploads\/2025\/11\/portada-reserva-ecoturstam-300x200.jpg 300w, https:\/\/ingreenspain.es\/wp-content\/uploads\/2025\/11\/portada-reserva-ecoturstam.jpg 1440w\" sizes=\"auto, (max-width: 1024px) 100vw, 1024px\" \/><\/a><\/div><div class=\"w-vwrapper usg_vwrapper_1 align_none valign_top\" style=\"--vwrapper-gap:0.7rem\"><h2 class=\"w-post-elm post_title usg_post_title_1 has_text_color entry-title color_link_inherit\"><a href=\"https:\/\/ingreenspain.es\/fr\/12-choses-que-vous-ne-saviez-peut-etre-pas-sur-la-reserve-ecotouristique-de-lespagne-verte\/\">12 choses que vous ne saviez peut-\u00eatre pas sur la r\u00e9serve \u00e9cotouristique de l&rsquo;Espagne verte<\/a><\/h2><\/div>\t\t<\/div>\r\n\t\t\t<\/article>\r\n\t<article class=\"w-grid-item post-5920 post type-post status-publish format-standard has-post-thumbnail hentry category-cantabrie category-galice category-les-asturies category-nature-ecoturisme category-pays-basque\" data-id=\"5920\">\r\n\t\t<div class=\"w-grid-item-h\">\r\n\t\t\t\t\t\t<div class=\"w-post-elm post_image usg_post_image_1 stretched\"><a href=\"https:\/\/ingreenspain.es\/fr\/quelles-etoiles-peut-on-observer-dans-le-nord-comment-pratiquer-lastrotourisme-dans-lespagne-verte\/\" aria-label=\"Quelles \u00e9toiles peut-on observer dans le nord ? Comment pratiquer l&rsquo;astrotourisme dans l&rsquo;Espagne verte\"><img loading=\"lazy\" decoding=\"async\" width=\"1024\" height=\"683\" src=\"https:\/\/ingreenspain.es\/wp-content\/uploads\/2025\/08\/cangas-estrellas-1024x683.png\" class=\"attachment-large size-large wp-post-image\" alt=\"\" srcset=\"https:\/\/ingreenspain.es\/wp-content\/uploads\/2025\/08\/cangas-estrellas-1024x683.png 1024w, https:\/\/ingreenspain.es\/wp-content\/uploads\/2025\/08\/cangas-estrellas-300x200.png 300w, https:\/\/ingreenspain.es\/wp-content\/uploads\/2025\/08\/cangas-estrellas.png 1440w\" sizes=\"auto, (max-width: 1024px) 100vw, 1024px\" \/><\/a><\/div><div class=\"w-vwrapper usg_vwrapper_1 align_none valign_top\" style=\"--vwrapper-gap:0.7rem\"><h2 class=\"w-post-elm post_title usg_post_title_1 has_text_color entry-title color_link_inherit\"><a href=\"https:\/\/ingreenspain.es\/fr\/quelles-etoiles-peut-on-observer-dans-le-nord-comment-pratiquer-lastrotourisme-dans-lespagne-verte\/\">Quelles \u00e9toiles peut-on observer dans le nord ? Comment pratiquer l&rsquo;astrotourisme dans l&rsquo;Espagne verte<\/a><\/h2><\/div>\t\t<\/div>\r\n\t\t\t<\/article>\r\n\t<article class=\"w-grid-item post-3435 post type-post status-publish format-standard has-post-thumbnail hentry category-cantabrie category-galice category-les-asturies category-nature-ecoturisme category-pays-basque\" data-id=\"3435\">\r\n\t\t<div class=\"w-grid-item-h\">\r\n\t\t\t\t\t\t<div class=\"w-post-elm post_image usg_post_image_1 stretched\"><a href=\"https:\/\/ingreenspain.es\/fr\/comment-vivre-des-aventures-dans-des-regions-de-lespagne-verte-que-vous-ne-connaissez-peut-etre-pas\/\" aria-label=\"Comment vivre des aventures dans des r\u00e9gions de l&rsquo;Espagne verte que vous ne connaissez (peut-\u00eatre) pas?\"><img loading=\"lazy\" decoding=\"async\" width=\"1024\" height=\"683\" src=\"https:\/\/ingreenspain.es\/wp-content\/uploads\/2025\/05\/Parque-natural-redes-portada-1024x683.jpg\" class=\"attachment-large size-large wp-post-image\" alt=\"\" srcset=\"https:\/\/ingreenspain.es\/wp-content\/uploads\/2025\/05\/Parque-natural-redes-portada-1024x683.jpg 1024w, https:\/\/ingreenspain.es\/wp-content\/uploads\/2025\/05\/Parque-natural-redes-portada-300x200.jpg 300w, https:\/\/ingreenspain.es\/wp-content\/uploads\/2025\/05\/Parque-natural-redes-portada.jpg 1440w\" sizes=\"auto, (max-width: 1024px) 100vw, 1024px\" \/><\/a><\/div><div class=\"w-vwrapper usg_vwrapper_1 align_none valign_top\" style=\"--vwrapper-gap:0.7rem\"><h2 class=\"w-post-elm post_title usg_post_title_1 has_text_color entry-title color_link_inherit\"><a href=\"https:\/\/ingreenspain.es\/fr\/comment-vivre-des-aventures-dans-des-regions-de-lespagne-verte-que-vous-ne-connaissez-peut-etre-pas\/\">Comment vivre des aventures dans des r\u00e9gions de l&rsquo;Espagne verte que vous ne connaissez (peut-\u00eatre) pas?<\/a><\/h2><\/div>\t\t<\/div>\r\n\t\t\t<\/article>\r\n\t<article class=\"w-grid-item post-3171 post type-post status-publish format-standard has-post-thumbnail hentry category-cantabrie category-galice category-les-asturies category-nature-ecoturisme category-pays-basque\" data-id=\"3171\">\r\n\t\t<div class=\"w-grid-item-h\">\r\n\t\t\t\t\t\t<div class=\"w-post-elm post_image usg_post_image_1 stretched\"><a href=\"https:\/\/ingreenspain.es\/fr\/les-coins-les-plus-enigmatiques-de-lespagne-verte-oserez-vous-les-decouvrir\/\" aria-label=\"Les coins les plus \u00e9nigmatiques de l&rsquo;Espagne verte : oserez-vous les d\u00e9couvrir ?\"><img loading=\"lazy\" decoding=\"async\" width=\"1024\" height=\"683\" src=\"https:\/\/ingreenspain.es\/wp-content\/uploads\/2025\/03\/portada-magazine-1024x683.png\" class=\"attachment-large size-large wp-post-image\" alt=\"\" srcset=\"https:\/\/ingreenspain.es\/wp-content\/uploads\/2025\/03\/portada-magazine-1024x683.png 1024w, https:\/\/ingreenspain.es\/wp-content\/uploads\/2025\/03\/portada-magazine-300x200.png 300w, https:\/\/ingreenspain.es\/wp-content\/uploads\/2025\/03\/portada-magazine.png 1440w\" sizes=\"auto, (max-width: 1024px) 100vw, 1024px\" \/><\/a><\/div><div class=\"w-vwrapper usg_vwrapper_1 align_none valign_top\" style=\"--vwrapper-gap:0.7rem\"><h2 class=\"w-post-elm post_title usg_post_title_1 has_text_color entry-title color_link_inherit\"><a href=\"https:\/\/ingreenspain.es\/fr\/les-coins-les-plus-enigmatiques-de-lespagne-verte-oserez-vous-les-decouvrir\/\">Les coins les plus \u00e9nigmatiques de l&rsquo;Espagne verte : oserez-vous les d\u00e9couvrir ?<\/a><\/h2><\/div>\t\t<\/div>\r\n\t\t\t<\/article>\r\n\t<article class=\"w-grid-item post-2764 post type-post status-publish format-standard has-post-thumbnail hentry category-cantabrie category-galice category-les-asturies category-nature-ecoturisme category-pays-basque\" data-id=\"2764\">\r\n\t\t<div class=\"w-grid-item-h\">\r\n\t\t\t\t\t\t<div class=\"w-post-elm post_image usg_post_image_1 stretched\"><a href=\"https:\/\/ingreenspain.es\/fr\/quatre-espaces-naturels-dans-lespagne-verte-pour-profiter-et-epier-les-oiseaux-qui-parcourent-le-monde\/\" aria-label=\"Quatre espaces naturels dans l&rsquo;Espagne verte pour profiter et \u00e9pier les oiseaux qui parcourent le monde\"><img loading=\"lazy\" decoding=\"async\" width=\"1024\" height=\"683\" src=\"https:\/\/ingreenspain.es\/wp-content\/uploads\/2025\/02\/Canones-del-sil-1024x683.png\" class=\"attachment-large size-large wp-post-image\" alt=\"\" srcset=\"https:\/\/ingreenspain.es\/wp-content\/uploads\/2025\/02\/Canones-del-sil-1024x683.png 1024w, https:\/\/ingreenspain.es\/wp-content\/uploads\/2025\/02\/Canones-del-sil-300x200.png 300w, https:\/\/ingreenspain.es\/wp-content\/uploads\/2025\/02\/Canones-del-sil.png 1440w\" sizes=\"auto, (max-width: 1024px) 100vw, 1024px\" \/><\/a><\/div><div class=\"w-vwrapper usg_vwrapper_1 align_none valign_top\" style=\"--vwrapper-gap:0.7rem\"><h2 class=\"w-post-elm post_title usg_post_title_1 has_text_color entry-title color_link_inherit\"><a href=\"https:\/\/ingreenspain.es\/fr\/quatre-espaces-naturels-dans-lespagne-verte-pour-profiter-et-epier-les-oiseaux-qui-parcourent-le-monde\/\">Quatre espaces naturels dans l&rsquo;Espagne verte pour profiter et \u00e9pier les oiseaux qui parcourent le monde<\/a><\/h2><\/div>\t\t<\/div>\r\n\t\t\t<\/article>\r\n\t<article class=\"w-grid-item post-2332 post type-post status-publish format-standard has-post-thumbnail hentry category-cantabrie category-galice category-les-asturies category-nature-ecoturisme category-pays-basque\" data-id=\"2332\">\r\n\t\t<div class=\"w-grid-item-h\">\r\n\t\t\t\t\t\t<div class=\"w-post-elm post_image usg_post_image_1 stretched\"><a href=\"https:\/\/ingreenspain.es\/fr\/montagnes-de-lespagne-verte-pour-2025\/\" aria-label=\"Quatre montagnes de l&rsquo;Espagne verte pour dire \u00ab bonjour \u00bb \u00e0 2025\"><img loading=\"lazy\" decoding=\"async\" width=\"1024\" height=\"683\" src=\"https:\/\/ingreenspain.es\/wp-content\/uploads\/2024\/12\/portada-montes-1024x683.jpg\" class=\"attachment-large size-large wp-post-image\" alt=\"\" srcset=\"https:\/\/ingreenspain.es\/wp-content\/uploads\/2024\/12\/portada-montes-1024x683.jpg 1024w, https:\/\/ingreenspain.es\/wp-content\/uploads\/2024\/12\/portada-montes-300x200.jpg 300w, https:\/\/ingreenspain.es\/wp-content\/uploads\/2024\/12\/portada-montes.jpg 1440w\" sizes=\"auto, (max-width: 1024px) 100vw, 1024px\" \/><\/a><\/div><div class=\"w-vwrapper usg_vwrapper_1 align_none valign_top\" style=\"--vwrapper-gap:0.7rem\"><h2 class=\"w-post-elm post_title usg_post_title_1 has_text_color entry-title color_link_inherit\"><a href=\"https:\/\/ingreenspain.es\/fr\/montagnes-de-lespagne-verte-pour-2025\/\">Quatre montagnes de l&rsquo;Espagne verte pour dire \u00ab bonjour \u00bb \u00e0 2025<\/a><\/h2><\/div>\t\t<\/div>\r\n\t\t\t<\/article>\r\n<\/div><div class=\"w-grid-carousel-json hidden\" onclick='return {&quot;carousel_settings&quot;:{&quot;aria_labels&quot;:{&quot;prev&quot;:&quot;Pr\\u00e9c\\u00e9dent&quot;,&quot;next&quot;:&quot;Suivant&quot;},&quot;autoplayContinual&quot;:false,&quot;autoplayContinualCss&quot;:false,&quot;autoplayHoverPause&quot;:false,&quot;autoplayTimeout&quot;:3000,&quot;autoWidth&quot;:false,&quot;smartSpeed&quot;:350,&quot;margin&quot;:0,&quot;mouseDrag&quot;:true,&quot;rtl&quot;:false,&quot;slideBy&quot;:&quot;1&quot;,&quot;touchDrag&quot;:true,&quot;slideTransition&quot;:&quot;&quot;,&quot;responsive&quot;:{&quot;0&quot;:{&quot;autoHeight&quot;:false,&quot;autoplay&quot;:true,&quot;autoplayContinualCss&quot;:false,&quot;autoWidth&quot;:false,&quot;center&quot;:false,&quot;dots&quot;:true,&quot;items&quot;:1,&quot;loop&quot;:true,&quot;nav&quot;:false,&quot;stagePadding&quot;:0,&quot;slideBy&quot;:&quot;1&quot;,&quot;touchDrag&quot;:true,&quot;mouseDrag&quot;:true},&quot;601&quot;:{&quot;autoHeight&quot;:false,&quot;autoplay&quot;:true,&quot;autoplayContinualCss&quot;:false,&quot;autoWidth&quot;:false,&quot;center&quot;:false,&quot;dots&quot;:true,&quot;items&quot;:2,&quot;loop&quot;:true,&quot;nav&quot;:true,&quot;stagePadding&quot;:0,&quot;slideBy&quot;:&quot;1&quot;,&quot;touchDrag&quot;:true,&quot;mouseDrag&quot;:true},&quot;1025&quot;:{&quot;autoHeight&quot;:false,&quot;autoplay&quot;:true,&quot;autoplayContinualCss&quot;:false,&quot;autoWidth&quot;:false,&quot;center&quot;:false,&quot;dots&quot;:true,&quot;items&quot;:3,&quot;loop&quot;:true,&quot;nav&quot;:true,&quot;stagePadding&quot;:0,&quot;slideBy&quot;:&quot;1&quot;,&quot;touchDrag&quot;:true,&quot;mouseDrag&quot;:true},&quot;1381&quot;:{&quot;items&quot;:3,&quot;autoplay&quot;:false,&quot;autoplayContinualCss&quot;:false,&quot;center&quot;:false,&quot;dots&quot;:true,&quot;nav&quot;:true,&quot;autoHeight&quot;:false,&quot;autoWidth&quot;:false,&quot;loop&quot;:true,&quot;stagePadding&quot;:0}}}}'><\/div><\/div><div class=\"w-separator size_small\"><\/div><div class=\"w-btn-wrapper align_center\"><a class=\"w-btn us-btn-style_1 us_custom_eb849559\" href=\"\/magazine\/\"><span class=\"w-btn-label\">Magazine<\/span><\/a><\/div><\/div><\/div><\/div><\/div><\/div><\/section>\n<section class=\"l-section wpb_row height_medium\"><div class=\"l-section-h i-cf\"><div class=\"g-cols vc_row via_flex valign_top type_default stacking_default\"><div class=\"vc_col-sm-12 wpb_column vc_column_container\"><div class=\"vc_column-inner\"><div class=\"wpb_wrapper\"><div class=\"w-gallery galeria-home fit_cover type_grid action_popup_image ratio_1x1 count_7\" style=\"--columns:4;--items-gap:15px;\"><div class=\"w-gallery-list\"><div class=\"w-gallery-item\"><div class=\"w-gallery-item-img\"><img loading=\"lazy\" decoding=\"async\" width=\"900\" height=\"600\" src=\"https:\/\/ingreenspain.es\/wp-content\/uploads\/2024\/05\/peregrino-carboeiro-900-600.jpg\" class=\"attachment-full size-full\" alt=\"https:\/\/ingreenspain.es\/fr\/chemin-du-nord\/\" srcset=\"https:\/\/ingreenspain.es\/wp-content\/uploads\/2024\/05\/peregrino-carboeiro-900-600.jpg 900w, https:\/\/ingreenspain.es\/wp-content\/uploads\/2024\/05\/peregrino-carboeiro-900-600-300x200.jpg 300w\" sizes=\"auto, (max-width: 900px) 100vw, 900px\" \/><\/div><div class=\"w-gallery-item-meta\"><div class=\"w-gallery-item-title\">Chemin du Nord<\/div><\/div><a class=\"w-gallery-item-link\" aria-label=\"Chemin du Nord\" href=\"https:\/\/ingreenspain.es\/wp-content\/uploads\/2024\/05\/peregrino-carboeiro-900-600.jpg\" title=\"Chemin du Nord\"><\/a><\/div><div class=\"w-gallery-item\"><div class=\"w-gallery-item-img\"><img loading=\"lazy\" decoding=\"async\" width=\"1000\" height=\"650\" src=\"https:\/\/ingreenspain.es\/wp-content\/uploads\/2024\/05\/euskadi2-zoom.jpg\" class=\"attachment-full size-full\" alt=\"https:\/\/ingreenspain.es\/fr\/surf\/\" srcset=\"https:\/\/ingreenspain.es\/wp-content\/uploads\/2024\/05\/euskadi2-zoom.jpg 1000w, https:\/\/ingreenspain.es\/wp-content\/uploads\/2024\/05\/euskadi2-zoom-300x195.jpg 300w\" sizes=\"auto, (max-width: 1000px) 100vw, 1000px\" \/><\/div><div class=\"w-gallery-item-meta\"><div class=\"w-gallery-item-title\">Surf<\/div><\/div><a class=\"w-gallery-item-link\" aria-label=\"Surf\" href=\"https:\/\/ingreenspain.es\/wp-content\/uploads\/2024\/05\/euskadi2-zoom.jpg\" title=\"Surf\"><\/a><\/div><div class=\"w-gallery-item\"><div class=\"w-gallery-item-img\"><img loading=\"lazy\" decoding=\"async\" width=\"900\" height=\"598\" src=\"https:\/\/ingreenspain.es\/wp-content\/uploads\/2024\/05\/asturias-paisaje.jpg\" class=\"attachment-full size-full\" alt=\"https:\/\/ingreenspain.es\/fr\/nature-ecotourisme\/\" srcset=\"https:\/\/ingreenspain.es\/wp-content\/uploads\/2024\/05\/asturias-paisaje.jpg 900w, https:\/\/ingreenspain.es\/wp-content\/uploads\/2024\/05\/asturias-paisaje-300x199.jpg 300w\" sizes=\"auto, (max-width: 900px) 100vw, 900px\" \/><\/div><div class=\"w-gallery-item-meta\"><div class=\"w-gallery-item-title\">Nature & ecotuourisme<\/div><\/div><a class=\"w-gallery-item-link\" aria-label=\"Nature &amp; ecotuourisme\" href=\"https:\/\/ingreenspain.es\/wp-content\/uploads\/2024\/05\/asturias-paisaje.jpg\" title=\"Nature &amp; ecotuourisme\"><\/a><\/div><div class=\"w-gallery-item\"><div class=\"w-gallery-item-img\"><img loading=\"lazy\" decoding=\"async\" width=\"1000\" height=\"650\" src=\"https:\/\/ingreenspain.es\/wp-content\/uploads\/2024\/05\/palloza-gallega.jpg\" class=\"attachment-full size-full\" alt=\"https:\/\/ingreenspain.es\/fr\/villes-et-patrimoine\/\" srcset=\"https:\/\/ingreenspain.es\/wp-content\/uploads\/2024\/05\/palloza-gallega.jpg 1000w, https:\/\/ingreenspain.es\/wp-content\/uploads\/2024\/05\/palloza-gallega-300x195.jpg 300w\" sizes=\"auto, (max-width: 1000px) 100vw, 1000px\" \/><\/div><div class=\"w-gallery-item-meta\"><div class=\"w-gallery-item-title\">Villes & Patrimoine<\/div><\/div><a class=\"w-gallery-item-link\" aria-label=\"Villes &amp; Patrimoine\" href=\"https:\/\/ingreenspain.es\/wp-content\/uploads\/2024\/05\/palloza-gallega.jpg\" title=\"Villes &amp; Patrimoine\"><\/a><\/div><div class=\"w-gallery-item\"><div class=\"w-gallery-item-img\"><img loading=\"lazy\" decoding=\"async\" width=\"1000\" height=\"650\" src=\"https:\/\/ingreenspain.es\/wp-content\/uploads\/2024\/06\/galeria-euskadi-2.jpeg\" class=\"attachment-full size-full\" alt=\"https:\/\/ingreenspain.es\/fr\/oenogastronomie\/\" srcset=\"https:\/\/ingreenspain.es\/wp-content\/uploads\/2024\/06\/galeria-euskadi-2.jpeg 1000w, https:\/\/ingreenspain.es\/wp-content\/uploads\/2024\/06\/galeria-euskadi-2-300x195.jpeg 300w\" sizes=\"auto, (max-width: 1000px) 100vw, 1000px\" \/><\/div><div class=\"w-gallery-item-meta\"><div class=\"w-gallery-item-title\">\u0152nogastronomie<\/div><\/div><a class=\"w-gallery-item-link\" aria-label=\"\u0152nogastronomie\" href=\"https:\/\/ingreenspain.es\/wp-content\/uploads\/2024\/06\/galeria-euskadi-2.jpeg\" title=\"\u0152nogastronomie\"><\/a><\/div><div class=\"w-gallery-item\"><div class=\"w-gallery-item-img\"><img loading=\"lazy\" decoding=\"async\" width=\"900\" height=\"593\" src=\"https:\/\/ingreenspain.es\/wp-content\/uploads\/2024\/05\/salon-chimenea.jpg\" class=\"attachment-full size-full\" alt=\"https:\/\/ingreenspain.es\/fr\/hebergements-slow-sleep\/\" srcset=\"https:\/\/ingreenspain.es\/wp-content\/uploads\/2024\/05\/salon-chimenea.jpg 900w, https:\/\/ingreenspain.es\/wp-content\/uploads\/2024\/05\/salon-chimenea-300x198.jpg 300w\" sizes=\"auto, (max-width: 900px) 100vw, 900px\" \/><\/div><div class=\"w-gallery-item-meta\"><div class=\"w-gallery-item-title\">Slow Sleep<\/div><\/div><a class=\"w-gallery-item-link\" aria-label=\"Slow Sleep\" href=\"https:\/\/ingreenspain.es\/wp-content\/uploads\/2024\/05\/salon-chimenea.jpg\" title=\"Slow Sleep\"><\/a><\/div><div class=\"w-gallery-item\"><div class=\"w-gallery-item-img\"><img loading=\"lazy\" decoding=\"async\" width=\"900\" height=\"593\" src=\"https:\/\/ingreenspain.es\/wp-content\/uploads\/2024\/05\/la-gran-ruta-galeria.jpg\" class=\"attachment-full size-full\" alt=\"https:\/\/ingreenspain.es\/fr\/grande-route\/\" srcset=\"https:\/\/ingreenspain.es\/wp-content\/uploads\/2024\/05\/la-gran-ruta-galeria.jpg 900w, https:\/\/ingreenspain.es\/wp-content\/uploads\/2024\/05\/la-gran-ruta-galeria-300x198.jpg 300w\" sizes=\"auto, (max-width: 900px) 100vw, 900px\" \/><\/div><div class=\"w-gallery-item-meta\"><div class=\"w-gallery-item-title\">Grande Route<\/div><\/div><a class=\"w-gallery-item-link\" aria-label=\"Grande Route\" href=\"https:\/\/ingreenspain.es\/wp-content\/uploads\/2024\/05\/la-gran-ruta-galeria.jpg\" title=\"Grande Route\"><\/a><\/div><\/div><\/div><\/div><\/div><\/div><\/div><\/div><\/section>\n<section class=\"l-section wpb_row prefooter height_medium\"><div class=\"l-section-h i-cf\"><div class=\"g-cols vc_row via_flex valign_top type_default stacking_default\"><div class=\"vc_col-sm-12 wpb_column vc_column_container has_bg_color\"><div class=\"vc_column-inner us_custom_057801f8\"><div class=\"wpb_wrapper\"><div class=\"w-separator size_small\"><\/div><div class=\"w-hwrapper valign_top wrap stack_on_mobiles us_custom_eb849559 align_center\" style=\"--hwrapper-gap:1.5rem\"><div class=\"w-image us_custom_a518f36e us_animate_this align_center\"><div class=\"w-image-h\"><img decoding=\"async\" width=\"250\" height=\"190\" src=\"https:\/\/ingreenspain.es\/wp-content\/uploads\/2024\/05\/mapa-SP-small.png\" class=\"attachment-full size-full\" alt=\"\" loading=\"lazy\" \/><\/div><\/div><div class=\"w-html\"><img decoding=\"async\" src=\"https:\/\/ingreenspain.es\/wp-content\/uploads\/2024\/05\/mapa-EV.png\" usemap=\"#image-map\"><map name=\"image-map\">\n    <area alt=\"Galice\" title=\"Galice\" href=\"https:\/\/www.ingreenspain.es\/fr\/#Galicia\" coords=\"85,7,60,13,44,30,25,38,1,58,12,76,21,100,23,123,25,143,61,132,72,146,112,146,131,132,140,107,133,68,128,43,121,18,98,7\" shape=\"poly\">\n    <area target=\"\" alt=\"Les Asturies\" title=\"Les Asturies\" href=\"https:\/\/www.ingreenspain.es\/fr\/#Asturias\" coords=\"128,18,118,31,127,50,137,63,154,65,171,59,200,58,233,52,247,42,263,34,230,22,195,12\" shape=\"poly\">\n    <area target=\"\" alt=\"Cantabrie\" title=\"Cantabrie\" href=\"https:\/\/ingreenspain.es\/fr\/#Cantabria\" coords=\"247,46,275,33,305,25,333,30,338,40,319,49,304,54,298,65,297,75,289,76,250,58\" shape=\"poly\">\n    <area target=\"\" alt=\"Pays Basque\" title=\"Pays Basque\" href=\"https:\/\/ingreenspain.es\/fr\/#Euskadi\" coords=\"342,38,327,43,344,62,336,73,372,99,384,99,397,69,415,45,419,32,360,29\" shape=\"poly\">\n\n<\/map><\/div><div usemap=\"#workmap\" class=\"w-image us_custom_2c2c32a0 us_animate_this hide_on_default hide_on_laptops hide_on_tablets hide_on_mobiles align_center\"><div class=\"w-image-h\"><img decoding=\"async\" width=\"420\" height=\"150\" src=\"https:\/\/ingreenspain.es\/wp-content\/uploads\/2024\/05\/mapa-EV.png\" class=\"attachment-full size-full\" alt=\"\" loading=\"lazy\" srcset=\"https:\/\/ingreenspain.es\/wp-content\/uploads\/2024\/05\/mapa-EV.png 420w, https:\/\/ingreenspain.es\/wp-content\/uploads\/2024\/05\/mapa-EV-300x107.png 300w\" sizes=\"auto, (max-width: 420px) 100vw, 420px\" \/><\/div><\/div><div class=\"w-socials us_custom_cc1760fe has_text_color us_animate_this color_text shape_circle style_colored hover_fade\" style=\"--gap:0.5em;\"><div class=\"w-socials-list\"><div class=\"w-socials-item facebook\"><a href=\"https:\/\/www.facebook.com\/InGreenSpain\" class=\"w-socials-item-link\" aria-label=\"Facebook\"><span class=\"w-socials-item-link-hover\"><\/span><i class=\"fab fa-facebook\"><\/i><\/a><div class=\"w-socials-item-popup\"><span>Facebook<\/span><\/div><\/div><div class=\"w-socials-item instagram\"><a href=\"https:\/\/www.instagram.com\/ingreenspain\" class=\"w-socials-item-link\" aria-label=\"Instagram\"><span class=\"w-socials-item-link-hover\"><\/span><i class=\"fab fa-instagram\"><\/i><\/a><div class=\"w-socials-item-popup\"><span>Instagram<\/span><\/div><\/div><\/div><\/div><\/div><div class=\"w-separator size_medium with_line width_default thick_1 style_solid color_border align_center\"><div class=\"w-separator-h\"><\/div><\/div><h3 class=\"w-text us_custom_7ffc40f7 has_text_color\"><span class=\"w-text-h\"><span class=\"w-text-value\">Contact<\/span><\/span><\/h3><div class=\"w-text us_custom_025665fb icon_atleft\"><a href=\"mailto:info@ingreenspain.es\" class=\"w-text-h\"><i class=\"fas fa-envelope\"><\/i><span class=\"w-text-value\">info@ingreenspain.es<\/span><\/a><\/div><\/div><\/div><\/div><\/div><\/div><\/section>\n\n","protected":false},"excerpt":{"rendered":"Parmi les nombreuses fa\u00e7ons d\u2019accueillir une nouvelle ann\u00e9e (ou de dire adieu \u00e0 la pr\u00e9c\u00e9dente), gravir le sommet d\u2019une montagne est une formule qui ne d\u00e9\u00e7oit jamais. Depuis les hauteurs, avec le corps inond\u00e9 d\u2019endorphines, l\u2019avenir para\u00eet toujours optimiste. Il n\u2019est pas surprenant que l\u2019Espagne Verte abrite de nombreuses montagnes. Nous en avons s\u00e9lectionn\u00e9 quatre...","protected":false},"author":1,"featured_media":0,"parent":0,"menu_order":0,"comment_status":"closed","ping_status":"closed","template":"","meta":{"_acf_changed":false,"footnotes":""},"class_list":["post-1416","page","type-page","status-publish","hentry"],"acf":[],"yoast_head":"<!-- This site is optimized with the Yoast SEO plugin v27.5 - https:\/\/yoast.com\/product\/yoast-seo-wordpress\/ -->\n<title>Nature et \u00e9cotourisme en Espagne Verte : aventures durables<\/title>\n<meta name=\"description\" content=\"Explorez la nature de l&#039;Espagne Verte avec des exp\u00e9riences d&#039;\u00e9cotourisme en Galice, Asturies, Cantabrie et Pays Basque. D\u00e9couvrez des parcs naturels, des r\u00e9serves de biosph\u00e8re et des activit\u00e9s en plein air dans un environnement durable.\" \/>\n<meta name=\"robots\" content=\"index, follow, max-snippet:-1, max-image-preview:large, max-video-preview:-1\" \/>\n<link rel=\"canonical\" href=\"https:\/\/ingreenspain.es\/fr\/nature-ecotourisme\/\" \/>\n<meta property=\"og:locale\" content=\"fr_FR\" \/>\n<meta property=\"og:type\" content=\"article\" \/>\n<meta property=\"og:title\" content=\"Nature et \u00e9cotourisme en Espagne Verte : aventures durables\" \/>\n<meta property=\"og:description\" content=\"Explorez la nature de l&#039;Espagne Verte avec des exp\u00e9riences d&#039;\u00e9cotourisme en Galice, Asturies, Cantabrie et Pays Basque. D\u00e9couvrez des parcs naturels, des r\u00e9serves de biosph\u00e8re et des activit\u00e9s en plein air dans un environnement durable.\" \/>\n<meta property=\"og:url\" content=\"https:\/\/ingreenspain.es\/fr\/nature-ecotourisme\/\" \/>\n<meta property=\"og:site_name\" content=\"Espagne Verte\" \/>\n<meta property=\"article:publisher\" content=\"https:\/\/www.facebook.com\/InGreenSpain\" \/>\n<meta property=\"article:modified_time\" content=\"2025-05-30T10:53:20+00:00\" \/>\n<meta name=\"twitter:card\" content=\"summary_large_image\" \/>\n<meta name=\"twitter:label1\" content=\"Dur\u00e9e de lecture estim\u00e9e\" \/>\n\t<meta name=\"twitter:data1\" content=\"2 minutes\" \/>\n<script type=\"application\/ld+json\" class=\"yoast-schema-graph\">{\"@context\":\"https:\\\/\\\/schema.org\",\"@graph\":[{\"@type\":\"WebPage\",\"@id\":\"https:\\\/\\\/ingreenspain.es\\\/fr\\\/nature-ecotourisme\\\/\",\"url\":\"https:\\\/\\\/ingreenspain.es\\\/fr\\\/nature-ecotourisme\\\/\",\"name\":\"Nature et \u00e9cotourisme en Espagne Verte : aventures durables\",\"isPartOf\":{\"@id\":\"https:\\\/\\\/ingreenspain.es\\\/fr\\\/#website\"},\"datePublished\":\"2024-05-07T14:47:34+00:00\",\"dateModified\":\"2025-05-30T10:53:20+00:00\",\"description\":\"Explorez la nature de l'Espagne Verte avec des exp\u00e9riences d'\u00e9cotourisme en Galice, Asturies, Cantabrie et Pays Basque. D\u00e9couvrez des parcs naturels, des r\u00e9serves de biosph\u00e8re et des activit\u00e9s en plein air dans un environnement durable.\",\"breadcrumb\":{\"@id\":\"https:\\\/\\\/ingreenspain.es\\\/fr\\\/nature-ecotourisme\\\/#breadcrumb\"},\"inLanguage\":\"fr-FR\",\"potentialAction\":[{\"@type\":\"ReadAction\",\"target\":[\"https:\\\/\\\/ingreenspain.es\\\/fr\\\/nature-ecotourisme\\\/\"]}]},{\"@type\":\"BreadcrumbList\",\"@id\":\"https:\\\/\\\/ingreenspain.es\\\/fr\\\/nature-ecotourisme\\\/#breadcrumb\",\"itemListElement\":[{\"@type\":\"ListItem\",\"position\":1,\"name\":\"Portada\",\"item\":\"https:\\\/\\\/ingreenspain.es\\\/fr\\\/\"},{\"@type\":\"ListItem\",\"position\":2,\"name\":\"NATURE &amp; \u00c9COTOURISME\"}]},{\"@type\":\"WebSite\",\"@id\":\"https:\\\/\\\/ingreenspain.es\\\/fr\\\/#website\",\"url\":\"https:\\\/\\\/ingreenspain.es\\\/fr\\\/\",\"name\":\"Espa\u00f1a Verde\",\"description\":\"L&#039;esprit du Nord\",\"publisher\":{\"@id\":\"https:\\\/\\\/ingreenspain.es\\\/fr\\\/#organization\"},\"potentialAction\":[{\"@type\":\"SearchAction\",\"target\":{\"@type\":\"EntryPoint\",\"urlTemplate\":\"https:\\\/\\\/ingreenspain.es\\\/fr\\\/?s={search_term_string}\"},\"query-input\":{\"@type\":\"PropertyValueSpecification\",\"valueRequired\":true,\"valueName\":\"search_term_string\"}}],\"inLanguage\":\"fr-FR\"},{\"@type\":\"Organization\",\"@id\":\"https:\\\/\\\/ingreenspain.es\\\/fr\\\/#organization\",\"name\":\"Espa\u00f1a Verde\",\"url\":\"https:\\\/\\\/ingreenspain.es\\\/fr\\\/\",\"logo\":{\"@type\":\"ImageObject\",\"inLanguage\":\"fr-FR\",\"@id\":\"https:\\\/\\\/ingreenspain.es\\\/fr\\\/#\\\/schema\\\/logo\\\/image\\\/\",\"url\":\"https:\\\/\\\/ingreenspain.es\\\/wp-content\\\/uploads\\\/2024\\\/05\\\/logoEV.png\",\"contentUrl\":\"https:\\\/\\\/ingreenspain.es\\\/wp-content\\\/uploads\\\/2024\\\/05\\\/logoEV.png\",\"width\":125,\"height\":40,\"caption\":\"Espa\u00f1a Verde\"},\"image\":{\"@id\":\"https:\\\/\\\/ingreenspain.es\\\/fr\\\/#\\\/schema\\\/logo\\\/image\\\/\"},\"sameAs\":[\"https:\\\/\\\/www.facebook.com\\\/InGreenSpain\",\"https:\\\/\\\/www.instagram.com\\\/ingreenspain\",\"https:\\\/\\\/www.youtube.com\\\/@INGREENSPAIN\"]}]}<\/script>\n<!-- \/ Yoast SEO plugin. -->","yoast_head_json":{"title":"Nature et \u00e9cotourisme en Espagne Verte : aventures durables","description":"Explorez la nature de l'Espagne Verte avec des exp\u00e9riences d'\u00e9cotourisme en Galice, Asturies, Cantabrie et Pays Basque. D\u00e9couvrez des parcs naturels, des r\u00e9serves de biosph\u00e8re et des activit\u00e9s en plein air dans un environnement durable.","robots":{"index":"index","follow":"follow","max-snippet":"max-snippet:-1","max-image-preview":"max-image-preview:large","max-video-preview":"max-video-preview:-1"},"canonical":"https:\/\/ingreenspain.es\/fr\/nature-ecotourisme\/","og_locale":"fr_FR","og_type":"article","og_title":"Nature et \u00e9cotourisme en Espagne Verte : aventures durables","og_description":"Explorez la nature de l'Espagne Verte avec des exp\u00e9riences d'\u00e9cotourisme en Galice, Asturies, Cantabrie et Pays Basque. D\u00e9couvrez des parcs naturels, des r\u00e9serves de biosph\u00e8re et des activit\u00e9s en plein air dans un environnement durable.","og_url":"https:\/\/ingreenspain.es\/fr\/nature-ecotourisme\/","og_site_name":"Espagne Verte","article_publisher":"https:\/\/www.facebook.com\/InGreenSpain","article_modified_time":"2025-05-30T10:53:20+00:00","twitter_card":"summary_large_image","twitter_misc":{"Dur\u00e9e de lecture estim\u00e9e":"2 minutes"},"schema":{"@context":"https:\/\/schema.org","@graph":[{"@type":"WebPage","@id":"https:\/\/ingreenspain.es\/fr\/nature-ecotourisme\/","url":"https:\/\/ingreenspain.es\/fr\/nature-ecotourisme\/","name":"Nature et \u00e9cotourisme en Espagne Verte : aventures durables","isPartOf":{"@id":"https:\/\/ingreenspain.es\/fr\/#website"},"datePublished":"2024-05-07T14:47:34+00:00","dateModified":"2025-05-30T10:53:20+00:00","description":"Explorez la nature de l'Espagne Verte avec des exp\u00e9riences d'\u00e9cotourisme en Galice, Asturies, Cantabrie et Pays Basque. D\u00e9couvrez des parcs naturels, des r\u00e9serves de biosph\u00e8re et des activit\u00e9s en plein air dans un environnement durable.","breadcrumb":{"@id":"https:\/\/ingreenspain.es\/fr\/nature-ecotourisme\/#breadcrumb"},"inLanguage":"fr-FR","potentialAction":[{"@type":"ReadAction","target":["https:\/\/ingreenspain.es\/fr\/nature-ecotourisme\/"]}]},{"@type":"BreadcrumbList","@id":"https:\/\/ingreenspain.es\/fr\/nature-ecotourisme\/#breadcrumb","itemListElement":[{"@type":"ListItem","position":1,"name":"Portada","item":"https:\/\/ingreenspain.es\/fr\/"},{"@type":"ListItem","position":2,"name":"NATURE &amp; \u00c9COTOURISME"}]},{"@type":"WebSite","@id":"https:\/\/ingreenspain.es\/fr\/#website","url":"https:\/\/ingreenspain.es\/fr\/","name":"Espa\u00f1a Verde","description":"L&#039;esprit du Nord","publisher":{"@id":"https:\/\/ingreenspain.es\/fr\/#organization"},"potentialAction":[{"@type":"SearchAction","target":{"@type":"EntryPoint","urlTemplate":"https:\/\/ingreenspain.es\/fr\/?s={search_term_string}"},"query-input":{"@type":"PropertyValueSpecification","valueRequired":true,"valueName":"search_term_string"}}],"inLanguage":"fr-FR"},{"@type":"Organization","@id":"https:\/\/ingreenspain.es\/fr\/#organization","name":"Espa\u00f1a Verde","url":"https:\/\/ingreenspain.es\/fr\/","logo":{"@type":"ImageObject","inLanguage":"fr-FR","@id":"https:\/\/ingreenspain.es\/fr\/#\/schema\/logo\/image\/","url":"https:\/\/ingreenspain.es\/wp-content\/uploads\/2024\/05\/logoEV.png","contentUrl":"https:\/\/ingreenspain.es\/wp-content\/uploads\/2024\/05\/logoEV.png","width":125,"height":40,"caption":"Espa\u00f1a Verde"},"image":{"@id":"https:\/\/ingreenspain.es\/fr\/#\/schema\/logo\/image\/"},"sameAs":["https:\/\/www.facebook.com\/InGreenSpain","https:\/\/www.instagram.com\/ingreenspain","https:\/\/www.youtube.com\/@INGREENSPAIN"]}]}},"_links":{"self":[{"href":"https:\/\/ingreenspain.es\/fr\/wp-json\/wp\/v2\/pages\/1416","targetHints":{"allow":["GET"]}}],"collection":[{"href":"https:\/\/ingreenspain.es\/fr\/wp-json\/wp\/v2\/pages"}],"about":[{"href":"https:\/\/ingreenspain.es\/fr\/wp-json\/wp\/v2\/types\/page"}],"author":[{"embeddable":true,"href":"https:\/\/ingreenspain.es\/fr\/wp-json\/wp\/v2\/users\/1"}],"replies":[{"embeddable":true,"href":"https:\/\/ingreenspain.es\/fr\/wp-json\/wp\/v2\/comments?post=1416"}],"version-history":[{"count":8,"href":"https:\/\/ingreenspain.es\/fr\/wp-json\/wp\/v2\/pages\/1416\/revisions"}],"predecessor-version":[{"id":3500,"href":"https:\/\/ingreenspain.es\/fr\/wp-json\/wp\/v2\/pages\/1416\/revisions\/3500"}],"wp:attachment":[{"href":"https:\/\/ingreenspain.es\/fr\/wp-json\/wp\/v2\/media?parent=1416"}],"curies":[{"name":"wp","href":"https:\/\/api.w.org\/{rel}","templated":true}]}}