{"id":1419,"date":"2024-05-07T16:48:43","date_gmt":"2024-05-07T14:48:43","guid":{"rendered":"https:\/\/ingreenspain.es\/grande-route\/"},"modified":"2025-05-21T18:42:09","modified_gmt":"2025-05-21T16:42:09","slug":"grande-route","status":"publish","type":"page","link":"https:\/\/ingreenspain.es\/fr\/grande-route\/","title":{"rendered":"Grande Route"},"content":{"rendered":"<section class=\"l-section wpb_row us_custom_95ab4d28 height_large\"><div class=\"l-section-h i-cf\"><div class=\"g-cols vc_row via_flex valign_top type_default stacking_default\"><div class=\"vc_col-sm-2\/5 wpb_column vc_column_container\"><div class=\"vc_column-inner\"><div class=\"wpb_wrapper\"><\/div><\/div><\/div><div class=\"vc_col-sm-3\/5 wpb_column vc_column_container\"><div class=\"vc_column-inner us_custom_42827c34\"><div class=\"vc_column-overlay\" style=\"background:rgba(47,53,59,0.9)\"><\/div><div class=\"wpb_wrapper\"><h1 class=\"w-text us_custom_f7f66005 palo-titular has_text_color us_animate_this\"><span class=\"w-text-h\"><span class=\"w-text-value\">VOUS AIMEZ CONDUIRE?<\/span><\/span><\/h1><div class=\"w-separator size_small\"><\/div><div class=\"wpb_text_column us_custom_17fe550a negrita-verde has_text_color us_animate_this\"><div class=\"wpb_wrapper\"><p>Qu\u2019est-ce que \u00e7a fait de prendre le volant et de d\u00e9cider de vivre l\u2019Esprit du Nord ? C\u2019est simple \u00e0 expliquer : la mer Cantabrique et l\u2019oc\u00e9an Atlantique vous accompagneront, vous verrez cinquante \u00eeles flotter et vous verrez comment des dizaines de rivi\u00e8res offrent leurs eaux \u00e0 la mer. Vous profiterez de plages de toutes tailles, escaladerez des cols de montagnes mythiques, longerez des tron\u00e7ons de routes historiques comme la N-634 et d\u00e9couvrirez le c\u00f4t\u00e9 moderne des anciennes capitales industrielles du nord. Et au milieu, des dizaines de charmants villages et des paysages naturels (grottes, dunes, for\u00eats de h\u00eatres, falaises ou cascades) qui vous feront tomber sous le charme du nord.<\/p>\n<\/div><\/div><div class=\"w-separator hide_on_mobiles size_medium\"><\/div><\/div><\/div><\/div><\/div><\/div><\/section><section class=\"l-section wpb_row height_medium\"><div class=\"l-section-h i-cf\"><div class=\"g-cols vc_row via_flex valign_top type_default stacking_default\"><div class=\"vc_col-sm-12 wpb_column vc_column_container\"><div class=\"vc_column-inner\"><div class=\"wpb_wrapper\"><div class=\"w-hwrapper valign_middle align_center\" style=\"--hwrapper-gap:1.2rem\"><div class=\"w-btn-wrapper align_center\"><a class=\"w-btn us-btn-style_1 us_custom_dbfe4fa7 icon_atleft\" href=\"https:\/\/ingreenspain.es\/wp-content\/uploads\/2025\/04\/GRAN-RUTA-VERDE_FR_Digital.pdf\"><i class=\"far fa-file-pdf\"><\/i><span class=\"w-btn-label\">T\u00e9l\u00e9charger Brochure<\/span><\/a><\/div><div class=\"w-btn-wrapper align_center\"><a class=\"w-btn us-btn-style_1 us_custom_dbfe4fa7 icon_atleft\" href=\"https:\/\/ingreenspain.es\/wp-content\/uploads\/2025\/05\/EB_ESP_VERDE_MAPA_700x330-mm_AF.pdf\"><i class=\"far fa-map\"><\/i><span class=\"w-btn-label\">T\u00e9l\u00e9charger le carte<\/span><\/a><\/div><\/div><div class=\"w-separator size_medium\"><\/div><div class=\"w-gallery fit_cover type_grid action_popup_image ratio_16x9 count_4\" style=\"--columns:4;--items-gap:10px;\"><div class=\"w-gallery-list\"><div class=\"w-gallery-item\"><div class=\"w-gallery-item-img\"><img loading=\"lazy\" decoding=\"async\" width=\"1280\" height=\"853\" src=\"https:\/\/ingreenspain.es\/wp-content\/uploads\/2024\/05\/gran-ruta-espana-verde-1.jpg\" class=\"attachment-full size-full\" alt=\"\" srcset=\"https:\/\/ingreenspain.es\/wp-content\/uploads\/2024\/05\/gran-ruta-espana-verde-1.jpg 1280w, https:\/\/ingreenspain.es\/wp-content\/uploads\/2024\/05\/gran-ruta-espana-verde-1-300x200.jpg 300w, https:\/\/ingreenspain.es\/wp-content\/uploads\/2024\/05\/gran-ruta-espana-verde-1-1024x682.jpg 1024w\" sizes=\"auto, (max-width: 1280px) 100vw, 1280px\" \/><\/div><a class=\"w-gallery-item-link\" aria-label=\"gran-ruta-espana-verde-1\" href=\"https:\/\/ingreenspain.es\/wp-content\/uploads\/2024\/05\/gran-ruta-espana-verde-1.jpg\"><\/a><\/div><div class=\"w-gallery-item\"><div class=\"w-gallery-item-img\"><img loading=\"lazy\" decoding=\"async\" width=\"1280\" height=\"859\" src=\"https:\/\/ingreenspain.es\/wp-content\/uploads\/2024\/05\/gran-ruta-espana-verde-2.jpg\" class=\"attachment-full size-full\" alt=\"\" srcset=\"https:\/\/ingreenspain.es\/wp-content\/uploads\/2024\/05\/gran-ruta-espana-verde-2.jpg 1280w, https:\/\/ingreenspain.es\/wp-content\/uploads\/2024\/05\/gran-ruta-espana-verde-2-300x201.jpg 300w, https:\/\/ingreenspain.es\/wp-content\/uploads\/2024\/05\/gran-ruta-espana-verde-2-1024x687.jpg 1024w\" sizes=\"auto, (max-width: 1280px) 100vw, 1280px\" \/><\/div><a class=\"w-gallery-item-link\" aria-label=\"gran-ruta-espana-verde-2\" href=\"https:\/\/ingreenspain.es\/wp-content\/uploads\/2024\/05\/gran-ruta-espana-verde-2.jpg\"><\/a><\/div><div class=\"w-gallery-item\"><div class=\"w-gallery-item-img\"><img loading=\"lazy\" decoding=\"async\" width=\"1280\" height=\"853\" src=\"https:\/\/ingreenspain.es\/wp-content\/uploads\/2024\/05\/gran-ruta-espana-verde-3.jpg\" class=\"attachment-full size-full\" alt=\"\" srcset=\"https:\/\/ingreenspain.es\/wp-content\/uploads\/2024\/05\/gran-ruta-espana-verde-3.jpg 1280w, https:\/\/ingreenspain.es\/wp-content\/uploads\/2024\/05\/gran-ruta-espana-verde-3-300x200.jpg 300w, https:\/\/ingreenspain.es\/wp-content\/uploads\/2024\/05\/gran-ruta-espana-verde-3-1024x682.jpg 1024w\" sizes=\"auto, (max-width: 1280px) 100vw, 1280px\" \/><\/div><a class=\"w-gallery-item-link\" aria-label=\"gran-ruta-espana-verde-3\" href=\"https:\/\/ingreenspain.es\/wp-content\/uploads\/2024\/05\/gran-ruta-espana-verde-3.jpg\"><\/a><\/div><div class=\"w-gallery-item\"><div class=\"w-gallery-item-img\"><img loading=\"lazy\" decoding=\"async\" width=\"267\" height=\"178\" src=\"https:\/\/ingreenspain.es\/wp-content\/uploads\/2024\/05\/gran-ruta-galeria-4.jpg\" class=\"attachment-full size-full\" alt=\"\" \/><\/div><a class=\"w-gallery-item-link\" aria-label=\"gran-ruta-galeria-4\" href=\"https:\/\/ingreenspain.es\/wp-content\/uploads\/2024\/05\/gran-ruta-galeria-4.jpg\"><\/a><\/div><\/div><\/div><\/div><\/div><\/div><\/div><\/div><\/section><section class=\"l-section wpb_row us_custom_c26b8d92 pegado-arriba height_medium\" id=\"Asturias\"><div class=\"l-section-h i-cf\"><div class=\"g-cols vc_row via_flex valign_top type_default stacking_default\"><div class=\"vc_col-sm-6 wpb_column vc_column_container\"><div class=\"vc_column-inner us_custom_56761b8e\"><div class=\"vc_column-overlay\" style=\"background:rgba(47,53,59,0.9)\"><\/div><div class=\"wpb_wrapper\"><div class=\"w-separator size_large\"><\/div><h2 class=\"w-text us_custom_f7f66005 palo-titular-arriba has_text_color us_animate_this\"><span class=\"w-text-h\"><span class=\"w-text-value\">LES \u00abPLUS GRANDS SUCC\u00c8S\u00bb DU NORD<\/span><\/span><\/h2><div class=\"w-separator size_small\"><\/div><div class=\"wpb_text_column us_custom_679696aa negrita-verde has_text_color us_animate_this\"><div class=\"wpb_wrapper\"><p>La Grande Route de l\u2019Espagne Verte est divis\u00e9e en 16 sections ou \u00e9tapes qui traversent quatre communaut\u00e9s autonomes (le Pays Basque, la Cantabrie, Les Asturies et la Galice) et neuf provinces diff\u00e9rentes. Elle a \u00e9t\u00e9 con\u00e7ue de mani\u00e8re \u00e0 ce que vous puissiez, en fonction de votre temps disponible, d\u00e9couvrir et conna\u00eetre en profondeur la plupart de ses attractions. Laissez-vous emporter par la Grande Route et l\u2019Esprit du Nord.<\/p>\n<p>L\u2019aventure commence sur la rivi\u00e8re Bidassoa, \u00e0 c\u00f4t\u00e9 de Hondarribia, au Pays Basque, \u00e0 la fronti\u00e8re avec la France. Elle se termine \u00e0 Saint-Jacques-de-Compostelle, en Galice, apr\u00e8s plus de 2 500 kilom\u00e8tres de d\u00e9partementales et nationales. Ce n\u2019est pas le Camino de Santiago, bien qu\u2019il partage plusieurs paysages, mais autre chose: c\u2019est la Grande Route de l\u2019Espagne Verte, un itin\u00e9raire g\u00e9olocalis\u00e9 qui vous m\u00e8nera, main dans la main, aux \u00ab grands succ\u00e8s \u00bb du nord de l\u2019Espagne.<\/p>\n<p>Bon voyage! Boa viaxe! Ongi ibili!<\/p>\n<\/div><\/div><div class=\"w-separator size_large\"><\/div><\/div><\/div><\/div><div class=\"vc_col-sm-6 wpb_column vc_column_container\"><div class=\"vc_column-inner\"><div class=\"wpb_wrapper\"><\/div><\/div><\/div><\/div><\/div><\/section><section class=\"l-section wpb_row height_medium\"><div class=\"l-section-h i-cf\"><div class=\"g-cols vc_row via_flex valign_top type_default stacking_default\"><div class=\"vc_col-sm-12 wpb_column vc_column_container\"><div class=\"vc_column-inner\"><div class=\"wpb_wrapper\"><div class=\"w-gallery galeria-home fit_cover type_grid action_popup_image ratio_1x1 count_7\" style=\"--columns:4;--items-gap:15px;\"><div class=\"w-gallery-list\"><div class=\"w-gallery-item\"><div class=\"w-gallery-item-img\"><img loading=\"lazy\" decoding=\"async\" width=\"900\" height=\"600\" src=\"https:\/\/ingreenspain.es\/wp-content\/uploads\/2024\/05\/peregrino-carboeiro-900-600.jpg\" class=\"attachment-full size-full\" alt=\"https:\/\/ingreenspain.es\/fr\/chemin-du-nord\/\" srcset=\"https:\/\/ingreenspain.es\/wp-content\/uploads\/2024\/05\/peregrino-carboeiro-900-600.jpg 900w, https:\/\/ingreenspain.es\/wp-content\/uploads\/2024\/05\/peregrino-carboeiro-900-600-300x200.jpg 300w\" sizes=\"auto, (max-width: 900px) 100vw, 900px\" \/><\/div><div class=\"w-gallery-item-meta\"><div class=\"w-gallery-item-title\">Chemin du Nord<\/div><\/div><a class=\"w-gallery-item-link\" aria-label=\"Chemin du Nord\" href=\"https:\/\/ingreenspain.es\/wp-content\/uploads\/2024\/05\/peregrino-carboeiro-900-600.jpg\" title=\"Chemin du Nord\"><\/a><\/div><div class=\"w-gallery-item\"><div class=\"w-gallery-item-img\"><img loading=\"lazy\" decoding=\"async\" width=\"1000\" height=\"650\" src=\"https:\/\/ingreenspain.es\/wp-content\/uploads\/2024\/05\/euskadi2-zoom.jpg\" class=\"attachment-full size-full\" alt=\"https:\/\/ingreenspain.es\/fr\/surf\/\" srcset=\"https:\/\/ingreenspain.es\/wp-content\/uploads\/2024\/05\/euskadi2-zoom.jpg 1000w, https:\/\/ingreenspain.es\/wp-content\/uploads\/2024\/05\/euskadi2-zoom-300x195.jpg 300w\" sizes=\"auto, (max-width: 1000px) 100vw, 1000px\" \/><\/div><div class=\"w-gallery-item-meta\"><div class=\"w-gallery-item-title\">Surf<\/div><\/div><a class=\"w-gallery-item-link\" aria-label=\"Surf\" href=\"https:\/\/ingreenspain.es\/wp-content\/uploads\/2024\/05\/euskadi2-zoom.jpg\" title=\"Surf\"><\/a><\/div><div class=\"w-gallery-item\"><div class=\"w-gallery-item-img\"><img loading=\"lazy\" decoding=\"async\" width=\"900\" height=\"598\" src=\"https:\/\/ingreenspain.es\/wp-content\/uploads\/2024\/05\/asturias-paisaje.jpg\" class=\"attachment-full size-full\" alt=\"https:\/\/ingreenspain.es\/fr\/nature-ecotourisme\/\" srcset=\"https:\/\/ingreenspain.es\/wp-content\/uploads\/2024\/05\/asturias-paisaje.jpg 900w, https:\/\/ingreenspain.es\/wp-content\/uploads\/2024\/05\/asturias-paisaje-300x199.jpg 300w\" sizes=\"auto, (max-width: 900px) 100vw, 900px\" \/><\/div><div class=\"w-gallery-item-meta\"><div class=\"w-gallery-item-title\">Nature & ecotuourisme<\/div><\/div><a class=\"w-gallery-item-link\" aria-label=\"Nature &amp; ecotuourisme\" href=\"https:\/\/ingreenspain.es\/wp-content\/uploads\/2024\/05\/asturias-paisaje.jpg\" title=\"Nature &amp; ecotuourisme\"><\/a><\/div><div class=\"w-gallery-item\"><div class=\"w-gallery-item-img\"><img loading=\"lazy\" decoding=\"async\" width=\"1000\" height=\"650\" src=\"https:\/\/ingreenspain.es\/wp-content\/uploads\/2024\/05\/palloza-gallega.jpg\" class=\"attachment-full size-full\" alt=\"https:\/\/ingreenspain.es\/fr\/villes-et-patrimoine\/\" srcset=\"https:\/\/ingreenspain.es\/wp-content\/uploads\/2024\/05\/palloza-gallega.jpg 1000w, https:\/\/ingreenspain.es\/wp-content\/uploads\/2024\/05\/palloza-gallega-300x195.jpg 300w\" sizes=\"auto, (max-width: 1000px) 100vw, 1000px\" \/><\/div><div class=\"w-gallery-item-meta\"><div class=\"w-gallery-item-title\">Villes & Patrimoine<\/div><\/div><a class=\"w-gallery-item-link\" aria-label=\"Villes &amp; Patrimoine\" href=\"https:\/\/ingreenspain.es\/wp-content\/uploads\/2024\/05\/palloza-gallega.jpg\" title=\"Villes &amp; Patrimoine\"><\/a><\/div><div class=\"w-gallery-item\"><div class=\"w-gallery-item-img\"><img loading=\"lazy\" decoding=\"async\" width=\"1000\" height=\"650\" src=\"https:\/\/ingreenspain.es\/wp-content\/uploads\/2024\/06\/galeria-euskadi-2.jpeg\" class=\"attachment-full size-full\" alt=\"https:\/\/ingreenspain.es\/fr\/oenogastronomie\/\" srcset=\"https:\/\/ingreenspain.es\/wp-content\/uploads\/2024\/06\/galeria-euskadi-2.jpeg 1000w, https:\/\/ingreenspain.es\/wp-content\/uploads\/2024\/06\/galeria-euskadi-2-300x195.jpeg 300w\" sizes=\"auto, (max-width: 1000px) 100vw, 1000px\" \/><\/div><div class=\"w-gallery-item-meta\"><div class=\"w-gallery-item-title\">\u0152nogastronomie<\/div><\/div><a class=\"w-gallery-item-link\" aria-label=\"\u0152nogastronomie\" href=\"https:\/\/ingreenspain.es\/wp-content\/uploads\/2024\/06\/galeria-euskadi-2.jpeg\" title=\"\u0152nogastronomie\"><\/a><\/div><div class=\"w-gallery-item\"><div class=\"w-gallery-item-img\"><img loading=\"lazy\" decoding=\"async\" width=\"900\" height=\"593\" src=\"https:\/\/ingreenspain.es\/wp-content\/uploads\/2024\/05\/salon-chimenea.jpg\" class=\"attachment-full size-full\" alt=\"https:\/\/ingreenspain.es\/fr\/hebergements-slow-sleep\/\" srcset=\"https:\/\/ingreenspain.es\/wp-content\/uploads\/2024\/05\/salon-chimenea.jpg 900w, https:\/\/ingreenspain.es\/wp-content\/uploads\/2024\/05\/salon-chimenea-300x198.jpg 300w\" sizes=\"auto, (max-width: 900px) 100vw, 900px\" \/><\/div><div class=\"w-gallery-item-meta\"><div class=\"w-gallery-item-title\">Slow Sleep<\/div><\/div><a class=\"w-gallery-item-link\" aria-label=\"Slow Sleep\" href=\"https:\/\/ingreenspain.es\/wp-content\/uploads\/2024\/05\/salon-chimenea.jpg\" title=\"Slow Sleep\"><\/a><\/div><div class=\"w-gallery-item\"><div class=\"w-gallery-item-img\"><img loading=\"lazy\" decoding=\"async\" width=\"900\" height=\"593\" src=\"https:\/\/ingreenspain.es\/wp-content\/uploads\/2024\/05\/la-gran-ruta-galeria.jpg\" class=\"attachment-full size-full\" alt=\"https:\/\/ingreenspain.es\/fr\/grande-route\/\" srcset=\"https:\/\/ingreenspain.es\/wp-content\/uploads\/2024\/05\/la-gran-ruta-galeria.jpg 900w, https:\/\/ingreenspain.es\/wp-content\/uploads\/2024\/05\/la-gran-ruta-galeria-300x198.jpg 300w\" sizes=\"auto, (max-width: 900px) 100vw, 900px\" \/><\/div><div class=\"w-gallery-item-meta\"><div class=\"w-gallery-item-title\">Grande Route<\/div><\/div><a class=\"w-gallery-item-link\" aria-label=\"Grande Route\" href=\"https:\/\/ingreenspain.es\/wp-content\/uploads\/2024\/05\/la-gran-ruta-galeria.jpg\" title=\"Grande Route\"><\/a><\/div><\/div><\/div><\/div><\/div><\/div><\/div><\/div><\/section>\n<section class=\"l-section wpb_row prefooter height_medium\"><div class=\"l-section-h i-cf\"><div class=\"g-cols vc_row via_flex valign_top type_default stacking_default\"><div class=\"vc_col-sm-12 wpb_column vc_column_container has_bg_color\"><div class=\"vc_column-inner us_custom_057801f8\"><div class=\"wpb_wrapper\"><div class=\"w-separator size_small\"><\/div><div class=\"w-hwrapper valign_top wrap stack_on_mobiles us_custom_eb849559 align_center\" style=\"--hwrapper-gap:1.5rem\"><div class=\"w-image us_custom_a518f36e us_animate_this align_center\"><div class=\"w-image-h\"><img decoding=\"async\" width=\"250\" height=\"190\" src=\"https:\/\/ingreenspain.es\/wp-content\/uploads\/2024\/05\/mapa-SP-small.png\" class=\"attachment-full size-full\" alt=\"\" loading=\"lazy\" \/><\/div><\/div><div class=\"w-html\"><img decoding=\"async\" src=\"https:\/\/ingreenspain.es\/wp-content\/uploads\/2024\/05\/mapa-EV.png\" usemap=\"#image-map\"><map name=\"image-map\">\n    <area alt=\"Galice\" title=\"Galice\" href=\"https:\/\/www.ingreenspain.es\/fr\/#Galicia\" coords=\"85,7,60,13,44,30,25,38,1,58,12,76,21,100,23,123,25,143,61,132,72,146,112,146,131,132,140,107,133,68,128,43,121,18,98,7\" shape=\"poly\">\n    <area target=\"\" alt=\"Les Asturies\" title=\"Les Asturies\" href=\"https:\/\/www.ingreenspain.es\/fr\/#Asturias\" coords=\"128,18,118,31,127,50,137,63,154,65,171,59,200,58,233,52,247,42,263,34,230,22,195,12\" shape=\"poly\">\n    <area target=\"\" alt=\"Cantabrie\" title=\"Cantabrie\" href=\"https:\/\/ingreenspain.es\/fr\/#Cantabria\" coords=\"247,46,275,33,305,25,333,30,338,40,319,49,304,54,298,65,297,75,289,76,250,58\" shape=\"poly\">\n    <area target=\"\" alt=\"Pays Basque\" title=\"Pays Basque\" href=\"https:\/\/ingreenspain.es\/fr\/#Euskadi\" coords=\"342,38,327,43,344,62,336,73,372,99,384,99,397,69,415,45,419,32,360,29\" shape=\"poly\">\n\n<\/map><\/div><div usemap=\"#workmap\" class=\"w-image us_custom_2c2c32a0 us_animate_this hide_on_default hide_on_laptops hide_on_tablets hide_on_mobiles align_center\"><div class=\"w-image-h\"><img decoding=\"async\" width=\"420\" height=\"150\" src=\"https:\/\/ingreenspain.es\/wp-content\/uploads\/2024\/05\/mapa-EV.png\" class=\"attachment-full size-full\" alt=\"\" loading=\"lazy\" srcset=\"https:\/\/ingreenspain.es\/wp-content\/uploads\/2024\/05\/mapa-EV.png 420w, https:\/\/ingreenspain.es\/wp-content\/uploads\/2024\/05\/mapa-EV-300x107.png 300w\" sizes=\"auto, (max-width: 420px) 100vw, 420px\" \/><\/div><\/div><div class=\"w-socials us_custom_cc1760fe has_text_color us_animate_this color_text shape_circle style_colored hover_fade\" style=\"--gap:0.5em;\"><div class=\"w-socials-list\"><div class=\"w-socials-item facebook\"><a href=\"https:\/\/www.facebook.com\/InGreenSpain\" class=\"w-socials-item-link\" aria-label=\"Facebook\"><span class=\"w-socials-item-link-hover\"><\/span><i class=\"fab fa-facebook\"><\/i><\/a><div class=\"w-socials-item-popup\"><span>Facebook<\/span><\/div><\/div><div class=\"w-socials-item instagram\"><a href=\"https:\/\/www.instagram.com\/ingreenspain\" class=\"w-socials-item-link\" aria-label=\"Instagram\"><span class=\"w-socials-item-link-hover\"><\/span><i class=\"fab fa-instagram\"><\/i><\/a><div class=\"w-socials-item-popup\"><span>Instagram<\/span><\/div><\/div><\/div><\/div><\/div><div class=\"w-separator size_medium with_line width_default thick_1 style_solid color_border align_center\"><div class=\"w-separator-h\"><\/div><\/div><h3 class=\"w-text us_custom_7ffc40f7 has_text_color\"><span class=\"w-text-h\"><span class=\"w-text-value\">Contact<\/span><\/span><\/h3><div class=\"w-text us_custom_025665fb icon_atleft\"><a href=\"mailto:info@ingreenspain.es\" class=\"w-text-h\"><i class=\"fas fa-envelope\"><\/i><span class=\"w-text-value\">info@ingreenspain.es<\/span><\/a><\/div><\/div><\/div><\/div><\/div><\/div><\/section>\n\n","protected":false},"excerpt":{"rendered":"VOUS AIMEZ CONDUIRE?Qu\u2019est-ce que \u00e7a fait de prendre le volant et de d\u00e9cider de vivre l\u2019Esprit du Nord ? C\u2019est simple \u00e0 expliquer : la mer Cantabrique et l\u2019oc\u00e9an Atlantique vous accompagneront, vous verrez cinquante \u00eeles flotter et vous verrez comment des dizaines de rivi\u00e8res offrent leurs eaux \u00e0 la mer. Vous profiterez de plages...","protected":false},"author":1,"featured_media":0,"parent":0,"menu_order":0,"comment_status":"closed","ping_status":"closed","template":"","meta":{"_acf_changed":false,"footnotes":""},"class_list":["post-1419","page","type-page","status-publish","hentry"],"acf":[],"yoast_head":"<!-- This site is optimized with the Yoast SEO plugin v27.4 - https:\/\/yoast.com\/product\/yoast-seo-wordpress\/ -->\n<title>La Grande Route de l&#039;Espagne Verte : voyage d&#039;aventure et de nature<\/title>\n<meta name=\"description\" content=\"Embarquez pour la Grande Route \u00e0 travers la Galice, les Asturies, la Cantabrie et le Pays Basque. D\u00e9couvrez des paysages vari\u00e9s, des montagnes aux c\u00f4tes, avec des activit\u00e9s pour tous les go\u00fbts et niveaux d&#039;aventure.\" \/>\n<meta name=\"robots\" content=\"index, follow, max-snippet:-1, max-image-preview:large, max-video-preview:-1\" \/>\n<link rel=\"canonical\" href=\"https:\/\/ingreenspain.es\/fr\/grande-route\/\" \/>\n<meta property=\"og:locale\" content=\"fr_FR\" \/>\n<meta property=\"og:type\" content=\"article\" \/>\n<meta property=\"og:title\" content=\"La Grande Route de l&#039;Espagne Verte : voyage d&#039;aventure et de nature\" \/>\n<meta property=\"og:description\" content=\"Embarquez pour la Grande Route \u00e0 travers la Galice, les Asturies, la Cantabrie et le Pays Basque. D\u00e9couvrez des paysages vari\u00e9s, des montagnes aux c\u00f4tes, avec des activit\u00e9s pour tous les go\u00fbts et niveaux d&#039;aventure.\" \/>\n<meta property=\"og:url\" content=\"https:\/\/ingreenspain.es\/fr\/grande-route\/\" \/>\n<meta property=\"og:site_name\" content=\"Espagne Verte\" \/>\n<meta property=\"article:publisher\" content=\"https:\/\/www.facebook.com\/InGreenSpain\" \/>\n<meta property=\"article:modified_time\" content=\"2025-05-21T16:42:09+00:00\" \/>\n<meta name=\"twitter:card\" content=\"summary_large_image\" \/>\n<meta name=\"twitter:label1\" content=\"Dur\u00e9e de lecture estim\u00e9e\" \/>\n\t<meta name=\"twitter:data1\" content=\"2 minutes\" \/>\n<script type=\"application\/ld+json\" class=\"yoast-schema-graph\">{\"@context\":\"https:\\\/\\\/schema.org\",\"@graph\":[{\"@type\":\"WebPage\",\"@id\":\"https:\\\/\\\/ingreenspain.es\\\/fr\\\/grande-route\\\/\",\"url\":\"https:\\\/\\\/ingreenspain.es\\\/fr\\\/grande-route\\\/\",\"name\":\"La Grande Route de l'Espagne Verte : voyage d'aventure et de nature\",\"isPartOf\":{\"@id\":\"https:\\\/\\\/ingreenspain.es\\\/fr\\\/#website\"},\"datePublished\":\"2024-05-07T14:48:43+00:00\",\"dateModified\":\"2025-05-21T16:42:09+00:00\",\"description\":\"Embarquez pour la Grande Route \u00e0 travers la Galice, les Asturies, la Cantabrie et le Pays Basque. D\u00e9couvrez des paysages vari\u00e9s, des montagnes aux c\u00f4tes, avec des activit\u00e9s pour tous les go\u00fbts et niveaux d'aventure.\",\"breadcrumb\":{\"@id\":\"https:\\\/\\\/ingreenspain.es\\\/fr\\\/grande-route\\\/#breadcrumb\"},\"inLanguage\":\"fr-FR\",\"potentialAction\":[{\"@type\":\"ReadAction\",\"target\":[\"https:\\\/\\\/ingreenspain.es\\\/fr\\\/grande-route\\\/\"]}]},{\"@type\":\"BreadcrumbList\",\"@id\":\"https:\\\/\\\/ingreenspain.es\\\/fr\\\/grande-route\\\/#breadcrumb\",\"itemListElement\":[{\"@type\":\"ListItem\",\"position\":1,\"name\":\"Portada\",\"item\":\"https:\\\/\\\/ingreenspain.es\\\/fr\\\/\"},{\"@type\":\"ListItem\",\"position\":2,\"name\":\"Grande Route\"}]},{\"@type\":\"WebSite\",\"@id\":\"https:\\\/\\\/ingreenspain.es\\\/fr\\\/#website\",\"url\":\"https:\\\/\\\/ingreenspain.es\\\/fr\\\/\",\"name\":\"Espa\u00f1a Verde\",\"description\":\"L&#039;esprit du Nord\",\"publisher\":{\"@id\":\"https:\\\/\\\/ingreenspain.es\\\/fr\\\/#organization\"},\"potentialAction\":[{\"@type\":\"SearchAction\",\"target\":{\"@type\":\"EntryPoint\",\"urlTemplate\":\"https:\\\/\\\/ingreenspain.es\\\/fr\\\/?s={search_term_string}\"},\"query-input\":{\"@type\":\"PropertyValueSpecification\",\"valueRequired\":true,\"valueName\":\"search_term_string\"}}],\"inLanguage\":\"fr-FR\"},{\"@type\":\"Organization\",\"@id\":\"https:\\\/\\\/ingreenspain.es\\\/fr\\\/#organization\",\"name\":\"Espa\u00f1a Verde\",\"url\":\"https:\\\/\\\/ingreenspain.es\\\/fr\\\/\",\"logo\":{\"@type\":\"ImageObject\",\"inLanguage\":\"fr-FR\",\"@id\":\"https:\\\/\\\/ingreenspain.es\\\/fr\\\/#\\\/schema\\\/logo\\\/image\\\/\",\"url\":\"https:\\\/\\\/ingreenspain.es\\\/wp-content\\\/uploads\\\/2024\\\/05\\\/logoEV.png\",\"contentUrl\":\"https:\\\/\\\/ingreenspain.es\\\/wp-content\\\/uploads\\\/2024\\\/05\\\/logoEV.png\",\"width\":125,\"height\":40,\"caption\":\"Espa\u00f1a Verde\"},\"image\":{\"@id\":\"https:\\\/\\\/ingreenspain.es\\\/fr\\\/#\\\/schema\\\/logo\\\/image\\\/\"},\"sameAs\":[\"https:\\\/\\\/www.facebook.com\\\/InGreenSpain\",\"https:\\\/\\\/www.instagram.com\\\/ingreenspain\",\"https:\\\/\\\/www.youtube.com\\\/@INGREENSPAIN\"]}]}<\/script>\n<!-- \/ Yoast SEO plugin. -->","yoast_head_json":{"title":"La Grande Route de l'Espagne Verte : voyage d'aventure et de nature","description":"Embarquez pour la Grande Route \u00e0 travers la Galice, les Asturies, la Cantabrie et le Pays Basque. D\u00e9couvrez des paysages vari\u00e9s, des montagnes aux c\u00f4tes, avec des activit\u00e9s pour tous les go\u00fbts et niveaux d'aventure.","robots":{"index":"index","follow":"follow","max-snippet":"max-snippet:-1","max-image-preview":"max-image-preview:large","max-video-preview":"max-video-preview:-1"},"canonical":"https:\/\/ingreenspain.es\/fr\/grande-route\/","og_locale":"fr_FR","og_type":"article","og_title":"La Grande Route de l'Espagne Verte : voyage d'aventure et de nature","og_description":"Embarquez pour la Grande Route \u00e0 travers la Galice, les Asturies, la Cantabrie et le Pays Basque. D\u00e9couvrez des paysages vari\u00e9s, des montagnes aux c\u00f4tes, avec des activit\u00e9s pour tous les go\u00fbts et niveaux d'aventure.","og_url":"https:\/\/ingreenspain.es\/fr\/grande-route\/","og_site_name":"Espagne Verte","article_publisher":"https:\/\/www.facebook.com\/InGreenSpain","article_modified_time":"2025-05-21T16:42:09+00:00","twitter_card":"summary_large_image","twitter_misc":{"Dur\u00e9e de lecture estim\u00e9e":"2 minutes"},"schema":{"@context":"https:\/\/schema.org","@graph":[{"@type":"WebPage","@id":"https:\/\/ingreenspain.es\/fr\/grande-route\/","url":"https:\/\/ingreenspain.es\/fr\/grande-route\/","name":"La Grande Route de l'Espagne Verte : voyage d'aventure et de nature","isPartOf":{"@id":"https:\/\/ingreenspain.es\/fr\/#website"},"datePublished":"2024-05-07T14:48:43+00:00","dateModified":"2025-05-21T16:42:09+00:00","description":"Embarquez pour la Grande Route \u00e0 travers la Galice, les Asturies, la Cantabrie et le Pays Basque. D\u00e9couvrez des paysages vari\u00e9s, des montagnes aux c\u00f4tes, avec des activit\u00e9s pour tous les go\u00fbts et niveaux d'aventure.","breadcrumb":{"@id":"https:\/\/ingreenspain.es\/fr\/grande-route\/#breadcrumb"},"inLanguage":"fr-FR","potentialAction":[{"@type":"ReadAction","target":["https:\/\/ingreenspain.es\/fr\/grande-route\/"]}]},{"@type":"BreadcrumbList","@id":"https:\/\/ingreenspain.es\/fr\/grande-route\/#breadcrumb","itemListElement":[{"@type":"ListItem","position":1,"name":"Portada","item":"https:\/\/ingreenspain.es\/fr\/"},{"@type":"ListItem","position":2,"name":"Grande Route"}]},{"@type":"WebSite","@id":"https:\/\/ingreenspain.es\/fr\/#website","url":"https:\/\/ingreenspain.es\/fr\/","name":"Espa\u00f1a Verde","description":"L&#039;esprit du Nord","publisher":{"@id":"https:\/\/ingreenspain.es\/fr\/#organization"},"potentialAction":[{"@type":"SearchAction","target":{"@type":"EntryPoint","urlTemplate":"https:\/\/ingreenspain.es\/fr\/?s={search_term_string}"},"query-input":{"@type":"PropertyValueSpecification","valueRequired":true,"valueName":"search_term_string"}}],"inLanguage":"fr-FR"},{"@type":"Organization","@id":"https:\/\/ingreenspain.es\/fr\/#organization","name":"Espa\u00f1a Verde","url":"https:\/\/ingreenspain.es\/fr\/","logo":{"@type":"ImageObject","inLanguage":"fr-FR","@id":"https:\/\/ingreenspain.es\/fr\/#\/schema\/logo\/image\/","url":"https:\/\/ingreenspain.es\/wp-content\/uploads\/2024\/05\/logoEV.png","contentUrl":"https:\/\/ingreenspain.es\/wp-content\/uploads\/2024\/05\/logoEV.png","width":125,"height":40,"caption":"Espa\u00f1a Verde"},"image":{"@id":"https:\/\/ingreenspain.es\/fr\/#\/schema\/logo\/image\/"},"sameAs":["https:\/\/www.facebook.com\/InGreenSpain","https:\/\/www.instagram.com\/ingreenspain","https:\/\/www.youtube.com\/@INGREENSPAIN"]}]}},"_links":{"self":[{"href":"https:\/\/ingreenspain.es\/fr\/wp-json\/wp\/v2\/pages\/1419","targetHints":{"allow":["GET"]}}],"collection":[{"href":"https:\/\/ingreenspain.es\/fr\/wp-json\/wp\/v2\/pages"}],"about":[{"href":"https:\/\/ingreenspain.es\/fr\/wp-json\/wp\/v2\/types\/page"}],"author":[{"embeddable":true,"href":"https:\/\/ingreenspain.es\/fr\/wp-json\/wp\/v2\/users\/1"}],"replies":[{"embeddable":true,"href":"https:\/\/ingreenspain.es\/fr\/wp-json\/wp\/v2\/comments?post=1419"}],"version-history":[{"count":9,"href":"https:\/\/ingreenspain.es\/fr\/wp-json\/wp\/v2\/pages\/1419\/revisions"}],"predecessor-version":[{"id":3453,"href":"https:\/\/ingreenspain.es\/fr\/wp-json\/wp\/v2\/pages\/1419\/revisions\/3453"}],"wp:attachment":[{"href":"https:\/\/ingreenspain.es\/fr\/wp-json\/wp\/v2\/media?parent=1419"}],"curies":[{"name":"wp","href":"https:\/\/api.w.org\/{rel}","templated":true}]}}